{"id":7471,"date":"2023-06-18T15:52:31","date_gmt":"2023-06-18T15:52:31","guid":{"rendered":"https:\/\/projectar.net.ar\/cefede\/?post_type=product&#038;p=7471"},"modified":"2023-06-25T18:03:52","modified_gmt":"2023-06-25T18:03:52","slug":"training-laboral-liquidacion-de-sueldos","status":"publish","type":"product","link":"https:\/\/projectar.net.ar\/cefede\/curso\/training-laboral-liquidacion-de-sueldos\/","title":{"rendered":"Training Laboral \u2013 Liquidaci\u00f3n  de sueldos."},"content":{"rendered":"<p>[vc_row full_width=\u00bbstretch_row\u00bb css=\u00bb.vc_custom_1624639913190{padding-top: 8vh !important;padding-bottom: 4vh !important;background-image: url(https:\/\/projectar.net.ar\/cefede\/wp-content\/uploads\/2021\/06\/bg.jpg?id=7643) !important;}\u00bb mobile_bg_img_hidden=\u00bbno\u00bb tablet_bg_img_hidden=\u00bbno\u00bb woodmart_parallax=\u00bb0&#8243; woodmart_gradient_switch=\u00bbno\u00bb row_reverse_mobile=\u00bb0&#8243; row_reverse_tablet=\u00bb0&#8243; woodmart_disable_overflow=\u00bb0&#8243;][vc_column]\t\t\n\t\t<div id=\"wd-62aa67c06f1f3\" class=\"title-wrapper wd-wpb set-mb-s reset-last-child  wd-title-color-white wd-title-style-default wd-width-100 text-left vc_custom_1655334883683\">\n\t\t\t\t\t\t\t<div class=\"title-subtitle  subtitle-color-white font-default subtitle-style-background wd-font-weight-600 wd-fontsize-xs\">Inicia 23 de Julio de 2022.<\/div>\n\t\t\t\n\t\t\t<div class=\"liner-continer\">\n\t\t\t\t<h4 class=\"woodmart-title-container title  wd-font-weight- wd-fontsize-xxl\" >\u00a1Bienvenidos a Taller Laboral \u2013 Liquidaci\u00f3n de Sueldos!<\/h4>\n\t\t\t\t\t\t\t<\/div>\n\t\t\t\n\t\t\t\n\t\t\t\t\t<\/div>\n\t\t\n\t\t[vc_empty_space woodmart_hide_large=\u00bb0&#8243; woodmart_hide_medium=\u00bb0&#8243; woodmart_hide_small=\u00bb0&#8243; woodmart_hide_extra_small=\u00bb0&#8243;]\t\t\n\t\t<div id=\"wd-60d63d5585371\" class=\"title-wrapper wd-wpb set-mb-s reset-last-child  wd-title-color-default wd-title-style-underlined wd-width-100 text-left \">\n\t\t\t\n\t\t\t<div class=\"liner-continer\">\n\t\t\t\t<h4 class=\"woodmart-title-container title  wd-font-weight- wd-fontsize-l\" >Informaci\u00f3n General<\/h4>\n\t\t\t\t\t\t\t<\/div>\n\t\t\t\n\t\t\t\n\t\t\t\t\t<\/div>\n\t\t\n\t\t[vc_tta_accordion active_section=\u00bb\u00bb collapsible_all=\u00bbtrue\u00bb][vc_tta_section i_icon_fontawesome=\u00bbfas fa-user-graduate\u00bb add_icon=\u00bbtrue\u00bb title=\u00bbObjetivos\u00bb tab_id=\u00bb1624638783125-390cd783-e4c3&#8243;][vc_column_text woodmart_inline=\u00bbno\u00bb text_larger=\u00bbno\u00bb]Como su nombre lo indica \u201cTraining\u201d, pretende entrenar a estudiantes y profesionales para\u00a0 que est\u00e9n listos para salir al campo, y lograr reducir esa brecha entre los conocimientos\u00a0 obtenidos en los estudios realizados en las instituciones acad\u00e9micas con la pr\u00e1ctica del d\u00eda\u00a0 a d\u00eda con la que nos encontramos en un Estudio Contable o Empresa Pyme.<\/p>\n<p>Para que luego de ese entrenamiento el participante consiga obtener un empleo\u00a0 relacionado con lo que estudia, mejore la situaci\u00f3n en su actual trabajo o comience a\u00a0 desarrollar sus primeras herramientas como profesional independiente.[\/vc_column_text][\/vc_tta_section][vc_tta_section i_icon_fontawesome=\u00bbfas fa-user-friends\u00bb add_icon=\u00bbtrue\u00bb title=\u00bbDestinatarios\u00bb tab_id=\u00bb1624638783141-6fd42395-601c\u00bb][vc_column_text woodmart_inline=\u00bbno\u00bb text_larger=\u00bbno\u00bb]<strong><em>Estudiantes <\/em><\/strong><em>iniciales, intermedios, avanzados o j\u00f3venes graduados de carreras Universitarias, Terciarias o Tecnicaturas, relacionadas con Ciencias Econ\u00f3micas que busquen complementar sus conocimientos te\u00f3rico-t\u00e9cnicos con la <strong>pr\u00e1ctica profesional<\/strong>, como tambi\u00e9n actuales o potenciales empleados administrativos de <strong>empresas pymes o estudios contables <\/strong>que tienen o pretenden tener la posibilidad de trabajar, pero necesitan profundizar los aspectos conceptuales. <\/em>[\/vc_column_text][\/vc_tta_section][vc_tta_section i_icon_fontawesome=\u00bbfar fa-clock\u00bb add_icon=\u00bbtrue\u00bb title=\u00bbCarga horaria y m\u00f3dulos\u00bb tab_id=\u00bb1624638868870-c8cf7bdd-cf48&#8243;][vc_column_text woodmart_inline=\u00bbno\u00bb text_larger=\u00bbno\u00bb]El programa completo tiene una carga total de 12 horas, + las horas de aplicaci\u00f3n pr\u00e1ctica homework, con t\u00e9cnica y aplicaci\u00f3n pr\u00e1ctica <strong>VERSI\u00d3N EDUCATIVA DE LA PLATAFORMA ONLINE de SISTEMAS BEJERMAN<\/strong> y la utilizaci\u00f3n de otras aplicaciones y herramientas.[\/vc_column_text][\/vc_tta_section][vc_tta_section i_icon_fontawesome=\u00bbfas fa-info-circle\u00bb add_icon=\u00bbtrue\u00bb title=\u00bbConsideraciones Generales\u00bb tab_id=\u00bb1624639099177-1db856ba-90f0&#8243;][vc_column_text woodmart_inline=\u00bbno\u00bb text_larger=\u00bbno\u00bb]<strong>&#8211; D\u00edas y Horarios <\/strong><\/p>\n<p>4 Sabados a partir del 21 de Octubre.<\/p>\n<p>S\u00e1bados de 2h ON LINE EN VIVO, interactuando con el docente y tus compa\u00f1eros, mas 2 hs de grabaciones para que accedas desde tu casa o el trabajo, en el momento que lo desees, mas las pr\u00e1cticas que realizaras en SISTEMAS ONVIO.<\/p>\n<p><strong>&#8211; Fechas<\/strong><\/p>\n<p>21 y 28 de Octubre,4 y 11 de Noviembre.<\/p>\n<p>La duraci\u00f3n del Programa es de 4 semanas, con inicio el <b>21 de octubre <\/b>de 2023.[\/vc_column_text][\/vc_tta_section][vc_tta_section i_icon_fontawesome=\u00bbfas fa-certificate\u00bb add_icon=\u00bbtrue\u00bb title=\u00bbAsistencia M\u00ednima y Certificaci\u00f3n\u00bb tab_id=\u00bb1624639163741-3858c5ce-28b9&#8243;][vc_column_text woodmart_inline=\u00bbno\u00bb text_larger=\u00bbno\u00bb]Se extender\u00e1 un diploma certificado a quienes cumplan con los objetivos planteados en funci\u00f3n a la asistencia y desempe\u00f1o, siendo la asistencia m\u00ednima de un 75% por cada m\u00f3dulo.[\/vc_column_text][\/vc_tta_section][vc_tta_section i_icon_fontawesome=\u00bbfas fa-laptop\u00bb add_icon=\u00bbtrue\u00bb title=\u00bbModalidad Virtual\u00bb tab_id=\u00bb1624639191055-9ad3bc4d-bee9&#8243;][vc_column_text woodmart_inline=\u00bbno\u00bb text_larger=\u00bbno\u00bb]Entorno Virtual de Capacitaci\u00f3n de Projectar, que incluye aula virtual de MEET, Classroom para compartir material, Versi\u00f3n educativa Sistema Bejerman para practicar desde tu casa, y grabaci\u00f3n de la parte t\u00e9cnica, por si te pierdes alguna de las clases.[\/vc_column_text][\/vc_tta_section][vc_tta_section i_icon_fontawesome=\u00bbfar fa-clipboard\u00bb add_icon=\u00bbtrue\u00bb title=\u00bbInscripci\u00f3n y Pago\u00bb tab_id=\u00bb1624639232608-8d5bad1d-ac3f\u00bb][vc_column_text woodmart_inline=\u00bbno\u00bb text_larger=\u00bbno\u00bb]El programa tiene un costo de <strong>$8900 <\/strong>Considerando un descuento del %, para estudiantes de terciarios y universitarios.<\/p>\n<p>Inscribite mediante la tienda virtual del <strong>CEFEDE<\/strong> <a href=\"https:\/\/projectar.net.ar\/cefede\/\">https:\/\/projectar.net.ar\/cefede\/<\/a><\/p>\n<p>Podr\u00e1s pagarlo con Mercado Pago en cuotas, efectivo en lugares de pago o transferencia en un pago.[\/vc_column_text][\/vc_tta_section][\/vc_tta_accordion][vc_empty_space woodmart_hide_large=\u00bb0&#8243; woodmart_hide_medium=\u00bb0&#8243; woodmart_hide_small=\u00bb0&#8243; woodmart_hide_extra_small=\u00bb0&#8243;]\t\t\n\t\t<div id=\"wd-60d6449dc7034\" class=\"title-wrapper wd-wpb set-mb-s reset-last-child  wd-title-color-default wd-title-style-underlined wd-width-100 text-left \">\n\t\t\t\n\t\t\t<div class=\"liner-continer\">\n\t\t\t\t<h4 class=\"woodmart-title-container title  wd-font-weight- wd-fontsize-l\" >M\u00f3dulos y Contenidos<\/h4>\n\t\t\t\t\t\t\t<\/div>\n\t\t\t\n\t\t\t\n\t\t\t\t\t<\/div>\n\t\t\n\t\t[vc_tta_accordion active_section=\u00bb\u00bb collapsible_all=\u00bbtrue\u00bb][vc_tta_section i_icon_fontawesome=\u00bbfas fa-book-open\u00bb add_icon=\u00bbtrue\u00bb title=\u00bbReuni\u00f3n 1. Ley de Contrato de Trabajo 20.744. Introducci\u00f3n a la Liquidaci\u00f3n de Sueldos y Jornales\u00bb tab_id=\u00bb1624652697150-c0d1f91c-8f4c\u00bb][vc_column_text woodmart_inline=\u00bbno\u00bb text_larger=\u00bbno\u00bb]a) Revisi\u00f3n de los conceptos la de LCT 20.744 \u2013 Relaci\u00f3n de trabajo \u2013 Contrato de Trabajo \u2013 Modalidades de Contrato de Trabajo \u2013 Periodo de Prueba \u2013<\/p>\n<p>b) Conceptos a utilizar en el momento de efectuar las liquidaciones laborales. Jornadas de trabajo. Feriados Nacionales y d\u00edas no laborales.<\/p>\n<p>c) Licencias ordinarias y especiales, Sueldo Anual Complementario, Remuneraciones fijas y Variables.<\/p>\n<p>d) Herramientas y t\u00e9cnicas para la liquidaci\u00f3n de Sueldos y Jornales, de empleados jornalizados y mensualizados.<\/p>\n<p>e) Primeros pasos en ONVIO. Configuraci\u00f3n de conceptos y liquidaciones<\/p>\n<p><em>Aplicaci\u00f3n Pr\u00e1ctica.<\/em><em>\u00a0 Ejercicios para calcular los conceptos b\u00e1sicos de una liquidaci\u00f3n (Mensual, Jornal, Conceptos Remunerativos y No Remunerativos, Horas extras, Remuneraciones Brutas y Netas, Descuentos). Preparaci\u00f3n de los papeles de trabajo previos a la liquidaci\u00f3n de Sueldo. Sistema ONVIO, m\u00f3dulo Sueldos y Jornales.<\/em><\/p>\n<p>Duraci\u00f3n 3h. Martes 8 de Marzo de 2022.[\/vc_column_text][\/vc_tta_section][vc_tta_section i_icon_fontawesome=\u00bbfas fa-book-open\u00bb add_icon=\u00bbtrue\u00bb title=\u00bbReuni\u00f3n 2. Licencias Ordinarias. Sueldo Anual Complementario. Convenios Colectivos de Trabajo. Control y emisi\u00f3n de recibos. Informes legales. Integraci\u00f3n con AFIP.\u00bb tab_id=\u00bb1624652697176-d7a14976-1a83&#8243;][vc_column_text woodmart_inline=\u00bbno\u00bb text_larger=\u00bbno\u00bb]a) Licencias ordinarias (Vacaciones), c\u00e1lculo y liquidaci\u00f3n. Ejemplos<\/p>\n<p>b) Sueldo Anual Complementario (SAC), c\u00e1lculo y liquidaci\u00f3n. Ejemplos.<\/p>\n<p>c) CCT Comercio &#8211; Aspectos a tener en cuenta para la liquidaci\u00f3n &#8211; Condiciones m\u00e1s favorables provenientes de CCT \u2013 Novedades y Acuerdos Salariales.<\/p>\n<p>d) Novedades Mensuales de Informaci\u00f3n necesaria para la liquidaci\u00f3n y fuentes dependiendo el tipo de empresa cliente y su integraci\u00f3n con el m\u00f3dulo sueldos. La importancia de la interacci\u00f3n con la empresa cliente.<\/p>\n<p>e) Como pasar del Excel al sistema. Ejemplo de Liquidaci\u00f3n de Sueldos en Modulo Sueldos y Jornales de ONVIO.<\/p>\n<p>f) Control de liquidaci\u00f3n. Emisi\u00f3n e Impresi\u00f3n de Recibos de Sueldos. Libro de Sueldos y Jornales \u2013 Obligaci\u00f3n del Empleador<\/p>\n<p><strong>Aplicaci\u00f3n Pr\u00e1ctica<\/strong>. Liquidaciones de Vacaciones, SAC y Convenio Comercio. Emisi\u00f3n de informes mensuales de liquidaci\u00f3n a trav\u00e9s del Sistema. Liquidaci\u00f3n de Cargas Sociales a trav\u00e9s del servicio web Declaraci\u00f3n en L\u00ednea de la p\u00e1gina de AFIP \u2013 F. 931- Presentaci\u00f3n. Liquidaci\u00f3n de Sindicatos.<\/p>\n<p><strong>Duraci\u00f3n 3h, Jueves 10 de Marzo de 2022.<\/strong>[\/vc_column_text][\/vc_tta_section][vc_tta_section i_icon_fontawesome=\u00bbfas fa-book-open\u00bb add_icon=\u00bbtrue\u00bb title=\u00bbReuni\u00f3n 3. Extinci\u00f3n de la relaci\u00f3n laboral. Renuncia. Despido e Indemnizaciones. Casos de aplicaci\u00f3n seg\u00fan LCT. Obligaciones del Empleador, Cargas Sociales \u2013 Sindicatos &#8211; ART \u2013 SCVO\u00bb tab_id=\u00bb1624652835103-cc18e76a-6438&#8243;][vc_column_text woodmart_inline=\u00bbno\u00bb text_larger=\u00bbno\u00bb]<\/p>\n<ul>\n<li>Extinci\u00f3n del Contrato de Trabajo. Causales<\/li>\n<li>Renuncia<\/li>\n<li>Despido con y sin Justa Causa. Implicaciones y c\u00e1lculos.<\/li>\n<li>Consideraciones en la Liquidaci\u00f3n Final. Fallos y agravantes.<\/li>\n<li>Derechos y obligaciones del trabajador y empleador<\/li>\n<\/ul>\n<p><em>Aplicaci\u00f3n Pr\u00e1ctica. Ejercicios de liquidaciones finales seg\u00fan el caso, agravantes y conceptos propios de la liquidaci\u00f3n\u00a0final.<\/em><\/p>\n<p>Duraci\u00f3n 3hs. Martes 15 de Marzo de 2022.[\/vc_column_text][\/vc_tta_section][vc_tta_section i_icon_fontawesome=\u00bbfas fa-book-open\u00bb add_icon=\u00bbtrue\u00bb title=\u00bbReuni\u00f3n 4. TRABAJO DE CAMPO INTEGRADOR\u00bb tab_id=\u00bb1624652888964-216a94dd-a1a9&#8243;][vc_column_text woodmart_inline=\u00bbno\u00bb text_larger=\u00bbno\u00bb]Adem\u00e1s de todas las aplicaciones pr\u00e1cticas que se realizan en cada reuni\u00f3n sobre el tema abordado, se realizara un trabajo integrador que el asistente realizar\u00e1 por su cuenta utilizando la versi\u00f3n de Onvio que se le asigne para que practique en su PC, simulando de este modo de principio a fin una liquidaci\u00f3n completa de sueldos de un caso real, a fin de fijar los conocimientos adquiridos.<\/p>\n<p><strong>Duraci\u00f3n 3h, Jueves 17 de Marzo de 2022.<\/strong>[\/vc_column_text][\/vc_tta_section][\/vc_tta_accordion][vc_empty_space woodmart_hide_large=\u00bb0&#8243; woodmart_hide_medium=\u00bb0&#8243; woodmart_hide_small=\u00bb0&#8243; woodmart_hide_extra_small=\u00bb0&#8243;]\t\t\n\t\t<div id=\"wd-60d644a3603ed\" class=\"title-wrapper wd-wpb set-mb-s reset-last-child  wd-title-color-default wd-title-style-underlined wd-width-100 text-left \">\n\t\t\t\n\t\t\t<div class=\"liner-continer\">\n\t\t\t\t<h4 class=\"woodmart-title-container title  wd-font-weight- wd-fontsize-l\" >Preguntas Frecuentes<\/h4>\n\t\t\t\t\t\t\t<\/div>\n\t\t\t\n\t\t\t\n\t\t\t\t\t<\/div>\n\t\t\n\t\t[vc_tta_accordion active_section=\u00bb\u00bb collapsible_all=\u00bbtrue\u00bb][vc_tta_section i_icon_fontawesome=\u00bbfar fa-question-circle\u00bb add_icon=\u00bbtrue\u00bb title=\u00bb\u00bfCu\u00e1nto dura el TRAINING LABORAL- liquidaci\u00f3n de sueldos?\u00bb tab_id=\u00bb1624653505759-ae16aa2f-454c\u00bb][vc_column_text woodmart_inline=\u00bbno\u00bb text_larger=\u00bbno\u00bb]Tiene una duraci\u00f3n total de 12hs, distribuido en 3hs durante 4 mi\u00e9rcoles.[\/vc_column_text][\/vc_tta_section][vc_tta_section i_icon_fontawesome=\u00bbfar fa-question-circle\u00bb add_icon=\u00bbtrue\u00bb title=\u00bb\u00bfDebo tener conocimientos previos para realizarlo?\u00bb tab_id=\u00bb1624653505822-1ddbe5ae-a53b\u00bb][vc_column_text woodmart_inline=\u00bbno\u00bb text_larger=\u00bbno\u00bb]No es necesario conocimientos previos, solo ser mayor de 18 a\u00f1os.[\/vc_column_text][\/vc_tta_section][vc_tta_section i_icon_fontawesome=\u00bbfar fa-question-circle\u00bb add_icon=\u00bbtrue\u00bb title=\u00bb\u00bfQu\u00e9 pasa si no puedo asistir a una clase, puedo recuperarla?\u00bb tab_id=\u00bb1624653505890-3735b368-4c02&#8243;][vc_column_text woodmart_inline=\u00bbno\u00bb text_larger=\u00bbno\u00bb]Si, las clases se graban, por lo cual las puedes ver las veces necesarias, ya que quedan en nuestra plataforma.[\/vc_column_text][\/vc_tta_section][vc_tta_section i_icon_fontawesome=\u00bbfar fa-question-circle\u00bb add_icon=\u00bbtrue\u00bb title=\u00bb\u00bfHay parte pr\u00e1ctica de cada tema tratado?\u00bb tab_id=\u00bb1624653505968-fec15328-1b98&#8243;][vc_column_text woodmart_inline=\u00bbno\u00bb text_larger=\u00bbno\u00bb]Si, en cada clase en vivo se ve la parte pr\u00e1ctica, y se les deja tareas para realizar en el sistema, en cualquier momento durante la semana.[\/vc_column_text][\/vc_tta_section][vc_tta_section i_icon_fontawesome=\u00bbfar fa-question-circle\u00bb add_icon=\u00bbtrue\u00bb title=\u00bb\u00bfSe entregan certificados?\u00bb tab_id=\u00bb1624653667258-0c767e0e-45fa\u00bb][vc_column_text woodmart_inline=\u00bbno\u00bb text_larger=\u00bbno\u00bb]Si, una vez finalizado y cumplido con el 75% de asistencia al m\u00f3dulo, se le entregar\u00e1 un diploma certificado.[\/vc_column_text][\/vc_tta_section][vc_tta_section i_icon_fontawesome=\u00bbfar fa-question-circle\u00bb add_icon=\u00bbtrue\u00bb title=\u00bb\u00bfSe debe realizar una evaluaci\u00f3n o trabajo final como condici\u00f3n de aprobaci\u00f3n?\u00bb tab_id=\u00bb1624653688348-e5238fca-3712&#8243;][vc_column_text woodmart_inline=\u00bbno\u00bb text_larger=\u00bbno\u00bb]No, solo cumplir la condici\u00f3n de tener 75% de asistencia al mismo.[\/vc_column_text][\/vc_tta_section][vc_tta_section i_icon_fontawesome=\u00bbfar fa-question-circle\u00bb add_icon=\u00bbtrue\u00bb title=\u00bb\u00bfQu\u00e9 incluye el costo del curso?\u00bb tab_id=\u00bb1624653710337-394fee4c-87a7&#8243;][vc_column_text woodmart_inline=\u00bbno\u00bb text_larger=\u00bbno\u00bb]Aula virtual, classroom con material, versi\u00f3n educativa del sistema Bejerman para trabajar desde tu casa durante el transcurso del curso, y grabaci\u00f3n de las clases por si te pierdes o quieres repasar alguna.[\/vc_column_text][\/vc_tta_section][vc_tta_section i_icon_fontawesome=\u00bbfar fa-question-circle\u00bb add_icon=\u00bbtrue\u00bb title=\u00bb\u00bfCu\u00e1les son las formas de pago?\u00bb tab_id=\u00bb1624653743371-6bd8f86e-9e56&#8243;][vc_column_text woodmart_inline=\u00bbno\u00bb text_larger=\u00bbno\u00bb]Podes abonar a trav\u00e9s de MercadoPago o mediante transferencia bancaria, pudi\u00e9ndose abonar el <strong>50% antes<\/strong> del inicio (para confirmar la asistencia) y el saldo restante en la \u00faltima reuni\u00f3n, previo a la entrega del certificado.[\/vc_column_text][\/vc_tta_section][\/vc_tta_accordion][\/vc_column][\/vc_row]<\/p>\n","protected":false},"excerpt":{"rendered":"<p>Entrenate para trabajar en el \u00e1rea laboral de una organizaci\u00f3n, o liquidar sueldos y cargas sociales en un estudio.<\/p>\n<p><i class=\"fas fa-laptop-code\" style=\"color: black;\"><\/i> <strong><em><span style=\"color: #f58220;\">Incluye Version Demo de Sistema Lider para que practiques<\/span>.<\/em><\/strong><\/p>\n<p><i class=\"fas fa-laptop\" style=\"color: black;\"><\/i> <span style=\"color: #008e97;\"><strong><em>Clases en VIVO con grupos reducidos y acceso a grabaciones.<\/em><\/strong><\/span><\/p>\n","protected":false},"featured_media":7470,"comment_status":"open","ping_status":"closed","template":"","meta":[],"product_cat":[15],"product_tag":[],"class_list":["post-7471","product","type-product","status-publish","has-post-thumbnail","hentry","product_cat-cursos"],"_links":{"self":[{"href":"https:\/\/projectar.net.ar\/cefede\/wp-json\/wp\/v2\/product\/7471","targetHints":{"allow":["GET"]}}],"collection":[{"href":"https:\/\/projectar.net.ar\/cefede\/wp-json\/wp\/v2\/product"}],"about":[{"href":"https:\/\/projectar.net.ar\/cefede\/wp-json\/wp\/v2\/types\/product"}],"replies":[{"embeddable":true,"href":"https:\/\/projectar.net.ar\/cefede\/wp-json\/wp\/v2\/comments?post=7471"}],"wp:featuredmedia":[{"embeddable":true,"href":"https:\/\/projectar.net.ar\/cefede\/wp-json\/wp\/v2\/media\/7470"}],"wp:attachment":[{"href":"https:\/\/projectar.net.ar\/cefede\/wp-json\/wp\/v2\/media?parent=7471"}],"wp:term":[{"taxonomy":"product_cat","embeddable":true,"href":"https:\/\/projectar.net.ar\/cefede\/wp-json\/wp\/v2\/product_cat?post=7471"},{"taxonomy":"product_tag","embeddable":true,"href":"https:\/\/projectar.net.ar\/cefede\/wp-json\/wp\/v2\/product_tag?post=7471"}],"curies":[{"name":"wp","href":"https:\/\/api.w.org\/{rel}","templated":true}]}}