{"id":7473,"date":"2023-06-17T15:55:28","date_gmt":"2023-06-17T15:55:28","guid":{"rendered":"https:\/\/projectar.net.ar\/cefede\/?post_type=product&#038;p=7473"},"modified":"2023-06-25T18:04:13","modified_gmt":"2023-06-25T18:04:13","slug":"taller-de-excel","status":"publish","type":"product","link":"https:\/\/projectar.net.ar\/cefede\/curso\/taller-de-excel\/","title":{"rendered":"Taller de Excel"},"content":{"rendered":"<p>[vc_row full_width=\u00bbstretch_row\u00bb css=\u00bb.vc_custom_1624639913190{padding-top: 8vh !important;padding-bottom: 4vh !important;background-image: url(https:\/\/projectar.net.ar\/cefede\/wp-content\/uploads\/2021\/06\/bg.jpg?id=7643) !important;}\u00bb mobile_bg_img_hidden=\u00bbno\u00bb tablet_bg_img_hidden=\u00bbno\u00bb woodmart_parallax=\u00bb0&#8243; woodmart_gradient_switch=\u00bbno\u00bb row_reverse_mobile=\u00bb0&#8243; row_reverse_tablet=\u00bb0&#8243; woodmart_disable_overflow=\u00bb0&#8243;][vc_column]\t\t\n\t\t<div id=\"wd-62aa6729d4fcf\" class=\"title-wrapper wd-wpb set-mb-s reset-last-child  wd-title-color-white wd-title-style-default wd-width-100 text-left vc_custom_1655334807849\">\n\t\t\t\t\t\t\t<div class=\"title-subtitle  subtitle-color-white font-default subtitle-style-background wd-font-weight-600 wd-fontsize-xs\">Inicio S\u00e1bado 20 de Agosto de 2022.<\/div>\n\t\t\t\n\t\t\t<div class=\"liner-continer\">\n\t\t\t\t<h4 class=\"woodmart-title-container title  wd-font-weight- wd-fontsize-xxl\" >\u00a1Bienvenidos a Taller de Excel- Herramientas para Administradores y Contadores!<\/h4>\n\t\t\t\t\t\t\t<\/div>\n\t\t\t\n\t\t\t\n\t\t\t\t\t<\/div>\n\t\t\n\t\t[vc_empty_space woodmart_hide_large=\u00bb0&#8243; woodmart_hide_medium=\u00bb0&#8243; woodmart_hide_small=\u00bb0&#8243; woodmart_hide_extra_small=\u00bb0&#8243;]\t\t\n\t\t<div id=\"wd-60d63d5585371\" class=\"title-wrapper wd-wpb set-mb-s reset-last-child  wd-title-color-default wd-title-style-underlined wd-width-100 text-left \">\n\t\t\t\n\t\t\t<div class=\"liner-continer\">\n\t\t\t\t<h4 class=\"woodmart-title-container title  wd-font-weight- wd-fontsize-l\" >Informaci\u00f3n General<\/h4>\n\t\t\t\t\t\t\t<\/div>\n\t\t\t\n\t\t\t\n\t\t\t\t\t<\/div>\n\t\t\n\t\t[vc_tta_accordion active_section=\u00bb\u00bb collapsible_all=\u00bbtrue\u00bb][vc_tta_section i_icon_fontawesome=\u00bbfas fa-user-graduate\u00bb add_icon=\u00bbtrue\u00bb title=\u00bbObjetivos\u00bb tab_id=\u00bb1624638783125-390cd783-e4c3&#8243;][vc_column_text woodmart_inline=\u00bbno\u00bb text_larger=\u00bbno\u00bb]Como su nombre lo indica \u201cTraining\u201d, pretende entrenar a estudiantes y profesionales para\u00a0 que est\u00e9n listos para salir al campo, y lograr reducir esa brecha entre los conocimientos\u00a0 obtenidos en los estudios realizados en las instituciones acad\u00e9micas con la pr\u00e1ctica del d\u00eda\u00a0 a d\u00eda con la que nos encontramos en un Estudio Contable o Empresa Pyme.<\/p>\n<p>Para que luego de ese entrenamiento el participante consiga obtener un empleo\u00a0 relacionado con lo que estudia, mejore la situaci\u00f3n en su actual trabajo o comience a\u00a0 desarrollar sus primeras herramientas como profesional independiente o pueda administrar mediante Excel su propio emprendimiento o econom\u00eda familiar.[\/vc_column_text][\/vc_tta_section][vc_tta_section i_icon_fontawesome=\u00bbfas fa-user-friends\u00bb add_icon=\u00bbtrue\u00bb title=\u00bbDestinatarios\u00bb tab_id=\u00bb1624638783141-6fd42395-601c\u00bb][vc_column_text woodmart_inline=\u00bbno\u00bb text_larger=\u00bbno\u00bb]<strong><em>Estudiantes <\/em><\/strong><em>iniciales, intermedios, avanzados o <strong>j\u00f3venes graduados <\/strong>de carreras Universitarias, Terciarias o Tecnicaturas, relacionadas con Ciencias Econ\u00f3micas que busquen complementar sus conocimientos te\u00f3rico-t\u00e9cnicos con la <strong>pr\u00e1ctica profesional<\/strong>, como tambi\u00e9n actuales o potenciales empleados administrativos de <strong>empresas pymes o estudios contables <\/strong>que tienen o pretenden tener la posibilidad de trabajar, pero necesitan profundizar los aspectos conceptuales. O cualquier <strong>persona <\/strong>que pretenda aplicar esta valiosa herramienta a su actividad particular o comercial.<\/em>[\/vc_column_text][\/vc_tta_section][vc_tta_section i_icon_fontawesome=\u00bbfar fa-clock\u00bb add_icon=\u00bbtrue\u00bb title=\u00bbCarga horaria y m\u00f3dulos\u00bb tab_id=\u00bb1624638868870-c8cf7bdd-cf48&#8243;][vc_column_text woodmart_inline=\u00bbno\u00bb text_larger=\u00bbno\u00bb]El Taller tiene una carga total de 12 horas, repartidas en 3 reuniones los d\u00edas s\u00e1bados + las horas de pr\u00e1ctica homework, con t\u00e9cnicas y\u00a0 funciones de una herramienta fundamental para la gesti\u00f3n y desarrollo de la profesi\u00f3n, con ejemplos pr\u00e1cticos y la utilizaci\u00f3n de otras aplicaciones y herramientas.[\/vc_column_text][\/vc_tta_section][vc_tta_section i_icon_fontawesome=\u00bbfas fa-info-circle\u00bb add_icon=\u00bbtrue\u00bb title=\u00bbConsideraciones Generales\u00bb tab_id=\u00bb1624639099177-1db856ba-90f0&#8243;][vc_column_text woodmart_inline=\u00bbno\u00bb text_larger=\u00bbno\u00bb]<strong>&#8211; D\u00edas y Horarios <\/strong><\/p>\n<p>Sabados 18, 25 de noviembre y 2 de diciembre.<\/p>\n<p><strong>&#8211; Fechas <\/strong><\/p>\n<p>La duraci\u00f3n del Programa es de 3 reuniones, con inicio el 18 de Noviembre de 2023[\/vc_column_text][\/vc_tta_section][vc_tta_section i_icon_fontawesome=\u00bbfas fa-certificate\u00bb add_icon=\u00bbtrue\u00bb title=\u00bbAsistencia M\u00ednima y Certificaci\u00f3n\u00bb tab_id=\u00bb1624639163741-3858c5ce-28b9&#8243;][vc_column_text woodmart_inline=\u00bbno\u00bb text_larger=\u00bbno\u00bb]Se extender\u00e1 un diploma certificado a quienes cumplan con los objetivos planteados en funci\u00f3n a la asistencia y desempe\u00f1o, siendo la asistencia m\u00ednima de un 75% por cada m\u00f3dulo.[\/vc_column_text][\/vc_tta_section][vc_tta_section i_icon_fontawesome=\u00bbfas fa-laptop\u00bb add_icon=\u00bbtrue\u00bb title=\u00bbModalidad Virtual\u00bb tab_id=\u00bb1624639191055-9ad3bc4d-bee9&#8243;][vc_column_text woodmart_inline=\u00bbno\u00bb text_larger=\u00bbno\u00bb]Entorno Virtual de Capacitaci\u00f3n de Projectar, que incluye aula virtual de MEET, Classroom para compartir material, Versi\u00f3n educativa Sistema Bejerman para practicar desde tu casa, y grabaci\u00f3n de la parte t\u00e9cnica, por si te pierdes alguna de las clases.[\/vc_column_text][\/vc_tta_section][vc_tta_section i_icon_fontawesome=\u00bbfar fa-clipboard\u00bb add_icon=\u00bbtrue\u00bb title=\u00bbInscripci\u00f3n y Pago\u00bb tab_id=\u00bb1624639232608-8d5bad1d-ac3f\u00bb][vc_column_text woodmart_inline=\u00bbno\u00bb text_larger=\u00bbno\u00bb]El programa tiene un costo de <strong>$8900.<\/strong>Considerando el descuento aplicado.<\/p>\n<p>Inscribite mediante la tienda virtual del <strong>CEFEDE<\/strong> <a href=\"https:\/\/projectar.net.ar\/cefede\/\">https:\/\/projectar.net.ar\/cefede\/<\/a><\/p>\n<p>Podr\u00e1s pagarlo con Mercado Pago en cuotas, efectivo en lugares de pago o transferencia en un pago.[\/vc_column_text][\/vc_tta_section][\/vc_tta_accordion][vc_empty_space woodmart_hide_large=\u00bb0&#8243; woodmart_hide_medium=\u00bb0&#8243; woodmart_hide_small=\u00bb0&#8243; woodmart_hide_extra_small=\u00bb0&#8243;]\t\t\n\t\t<div id=\"wd-60d644d539c8a\" class=\"title-wrapper wd-wpb set-mb-s reset-last-child  wd-title-color-default wd-title-style-underlined wd-width-100 text-left \">\n\t\t\t\n\t\t\t<div class=\"liner-continer\">\n\t\t\t\t<h4 class=\"woodmart-title-container title  wd-font-weight- wd-fontsize-l\" >M\u00f3dulos y Contenidos<\/h4>\n\t\t\t\t\t\t\t<\/div>\n\t\t\t\n\t\t\t\n\t\t\t\t\t<\/div>\n\t\t\n\t\t[vc_tta_accordion active_section=\u00bb\u00bb collapsible_all=\u00bbtrue\u00bb][vc_tta_section i_icon_fontawesome=\u00bbfas fa-book-open\u00bb add_icon=\u00bbtrue\u00bb title=\u00bbObjetivos\u00bb tab_id=\u00bb1624652697150-c0d1f91c-8f4c\u00bb][vc_column_text woodmart_inline=\u00bbno\u00bb text_larger=\u00bbno\u00bb]La finalidad del entrenamiento es que el asistente que ingresa con escasos conocimientos del programa al finalizar el taller logre:<\/p>\n<ul>\n<li>Contar con el conocimiento necesario de la herramienta para el ingresar a un trabajo.<\/li>\n<li>Llevarse herramientas de contabilidad y gesti\u00f3n listas para aplicar y sabiendo c\u00f3mo hacerlo<\/li>\n<li>Organizar datos a trav\u00e9s del uso del programa Microsoft Excel<\/li>\n<li>Poder aplicar el programa para mejorar el uso de informaci\u00f3n dentro del entorno profesional<\/li>\n<li>Presentar informaci\u00f3n de manera m\u00e1s simple<\/li>\n<li>Utilizar el programa m\u00e1s all\u00e1 de lo que puede hacer a simple vista<\/li>\n<\/ul>\n<p>[\/vc_column_text][\/vc_tta_section][vc_tta_section i_icon_fontawesome=\u00bbfas fa-book-open\u00bb add_icon=\u00bbtrue\u00bb title=\u00bbM\u00f3dulo 1: INTRODUCCION AL PROGRAMA, CONCEPTOS BASICOS Y PRINCIPALES FUNCIONES\u00bb tab_id=\u00bb1624652697176-d7a14976-1a83&#8243;][vc_column_text woodmart_inline=\u00bbno\u00bb text_larger=\u00bbno\u00bb]<\/p>\n<ul>\n<li>Presentaci\u00f3n de los participantes. Objetivos, modalidad y caracter\u00edsticas del curso<\/li>\n<li>Introducci\u00f3n al programa, primeros conceptos<\/li>\n<li>Principales f\u00f3rmulas<\/li>\n<li>Metodolog\u00eda de trabajo con funciones<\/li>\n<\/ul>\n<p><em>Aplicaci\u00f3n Pr\u00e1ctica. <\/em><em>Ver casos pr\u00e1cticos de uso de funciones, casos reales de anidamiento, tablas reales de uso cotidiano en empresas y estudios. <\/em><em>Estados Contables en Excel.<\/em><\/p>\n<p>Duraci\u00f3n 3hs.[\/vc_column_text][\/vc_tta_section][vc_tta_section i_icon_fontawesome=\u00bbfas fa-book-open\u00bb add_icon=\u00bbtrue\u00bb title=\u00bbM\u00f3dulo 2: MANEJO INTERMEDIO DE FORMULAS, TABLAS Y VINCULACIONES CON OTROS PROGRAMAS\u00bb tab_id=\u00bb1624652835103-cc18e76a-6438&#8243;][vc_column_text woodmart_inline=\u00bbno\u00bb text_larger=\u00bbno\u00bb]<\/p>\n<ul>\n<li>Formato condicional<\/li>\n<li>Manejo de bases de datos<\/li>\n<li>Armado de gr\u00e1ficos<\/li>\n<li>Impresi\u00f3n eficiente<\/li>\n<li>Principales funciones de manejo de datos<\/li>\n<li>Vinculaci\u00f3n con otras hojas de c\u00e1lculos y Word<\/li>\n<li>Filtros avanzados<\/li>\n<\/ul>\n<p><em>Aplicaci\u00f3n Pr\u00e1ctica. <\/em><em>Armado de informes contables con f\u00f3rmulas de rastreo, casos pr\u00e1cticos de resumen de bases de datos. <\/em><em>Planilla de Planificaci\u00f3n con seguimiento de resultados con sem\u00e1foro. Calendario de Vencimientos Impositivos<\/em><\/p>\n<p>Duraci\u00f3n 3hs.[\/vc_column_text][\/vc_tta_section][vc_tta_section i_icon_fontawesome=\u00bbfas fa-book-open\u00bb add_icon=\u00bbtrue\u00bb title=\u00bbM\u00f3dulo 3: TABLAS DINAMICAS Y MACROS\u00bb tab_id=\u00bb1624652888964-216a94dd-a1a9&#8243;][vc_column_text woodmart_inline=\u00bbno\u00bb text_larger=\u00bbno\u00bb]<\/p>\n<ul>\n<li>Programaci\u00f3n y manejo eficiente de tablas din\u00e1micas<\/li>\n<li>Gr\u00e1ficos din\u00e1micos<\/li>\n<li>Macros introducci\u00f3n y automatizaci\u00f3n<\/li>\n<li>Programaci\u00f3n b\u00e1sica con macros<\/li>\n<\/ul>\n<p><em>Aplicaci\u00f3n Pr\u00e1ctica. <\/em><em>Armado de libros diarios con tablas din\u00e1micas, res\u00famenes de bases de datos con tablas din\u00e1micas, armado de macros para formularios. Clasificaci\u00f3n de compras para estados contables.<\/em><\/p>\n<p>Duraci\u00f3n 3hs.[\/vc_column_text][\/vc_tta_section][\/vc_tta_accordion][vc_empty_space woodmart_hide_large=\u00bb0&#8243; woodmart_hide_medium=\u00bb0&#8243; woodmart_hide_small=\u00bb0&#8243; woodmart_hide_extra_small=\u00bb0&#8243;]\t\t\n\t\t<div id=\"wd-60d644dad92f3\" class=\"title-wrapper wd-wpb set-mb-s reset-last-child  wd-title-color-default wd-title-style-underlined wd-width-100 text-left \">\n\t\t\t\n\t\t\t<div class=\"liner-continer\">\n\t\t\t\t<h4 class=\"woodmart-title-container title  wd-font-weight- wd-fontsize-l\" >Preguntas Frecuentes<\/h4>\n\t\t\t\t\t\t\t<\/div>\n\t\t\t\n\t\t\t\n\t\t\t\t\t<\/div>\n\t\t\n\t\t[vc_tta_accordion active_section=\u00bb\u00bb collapsible_all=\u00bbtrue\u00bb][vc_tta_section i_icon_fontawesome=\u00bbfar fa-question-circle\u00bb add_icon=\u00bbtrue\u00bb title=\u00bb\u00bfCu\u00e1nto dura el TALLER DE EXCEL?\u00bb tab_id=\u00bb1624653505759-ae16aa2f-454c\u00bb][vc_column_text woodmart_inline=\u00bbno\u00bb text_larger=\u00bbno\u00bb]Tiene una duraci\u00f3n total de 15hs, la cual se encuentra distribuida en 3hs (con un descanso en medio) durante 3 s\u00e1bados.[\/vc_column_text][\/vc_tta_section][vc_tta_section i_icon_fontawesome=\u00bbfar fa-question-circle\u00bb add_icon=\u00bbtrue\u00bb title=\u00bb\u00bfDebo tener conocimientos previos para realizarlo?\u00bb tab_id=\u00bb1624653505822-1ddbe5ae-a53b\u00bb][vc_column_text woodmart_inline=\u00bbno\u00bb text_larger=\u00bbno\u00bb]No es necesario conocimientos previos, solo ser mayor de 18 a\u00f1os.[\/vc_column_text][\/vc_tta_section][vc_tta_section i_icon_fontawesome=\u00bbfar fa-question-circle\u00bb add_icon=\u00bbtrue\u00bb title=\u00bb\u00bfQu\u00e9 pasa si no puedo asistir a una clase, puedo recuperarla?\u00bb tab_id=\u00bb1624653505890-3735b368-4c02&#8243;][vc_column_text woodmart_inline=\u00bbno\u00bb text_larger=\u00bbno\u00bb]Si, las clases se graban, por lo cual las puedes ver las veces necesarias, ya que quedan en nuestra plataforma.[\/vc_column_text][\/vc_tta_section][vc_tta_section i_icon_fontawesome=\u00bbfar fa-question-circle\u00bb add_icon=\u00bbtrue\u00bb title=\u00bb\u00bfHay parte pr\u00e1ctica de cada tema tratado?\u00bb tab_id=\u00bb1624653505968-fec15328-1b98&#8243;][vc_column_text woodmart_inline=\u00bbno\u00bb text_larger=\u00bbno\u00bb]Si, en cada clase en vivo se ve la parte pr\u00e1ctica, y se les deja tareas para realizar en el sistema, en cualquier momento durante la semana.[\/vc_column_text][\/vc_tta_section][vc_tta_section i_icon_fontawesome=\u00bbfar fa-question-circle\u00bb add_icon=\u00bbtrue\u00bb title=\u00bb\u00bfSe entregan certificados?\u00bb tab_id=\u00bb1624653667258-0c767e0e-45fa\u00bb][vc_column_text woodmart_inline=\u00bbno\u00bb text_larger=\u00bbno\u00bb]Si, una vez finalizado y cumplido con el 75% de asistencia al m\u00f3dulo, se le entregar\u00e1 un diploma certificado.[\/vc_column_text][\/vc_tta_section][vc_tta_section i_icon_fontawesome=\u00bbfar fa-question-circle\u00bb add_icon=\u00bbtrue\u00bb title=\u00bb\u00bfSe debe realizar una evaluaci\u00f3n o trabajo final como condici\u00f3n de aprobaci\u00f3n?\u00bb tab_id=\u00bb1624653688348-e5238fca-3712&#8243;][vc_column_text woodmart_inline=\u00bbno\u00bb text_larger=\u00bbno\u00bb]No, solo cumplir la condici\u00f3n de tener 75% de asistencia al mismo.[\/vc_column_text][\/vc_tta_section][vc_tta_section i_icon_fontawesome=\u00bbfar fa-question-circle\u00bb add_icon=\u00bbtrue\u00bb title=\u00bb\u00bfQu\u00e9 incluye el costo del curso?\u00bb tab_id=\u00bb1624653710337-394fee4c-87a7&#8243;][vc_column_text woodmart_inline=\u00bbno\u00bb text_larger=\u00bbno\u00bb]Aula virtual, classroom con material, versi\u00f3n educativa del sistema Bejerman para trabajar desde tu casa durante el transcurso del curso, y grabaci\u00f3n de las clases por si te pierdes o quieres repasar alguna.[\/vc_column_text][\/vc_tta_section][vc_tta_section i_icon_fontawesome=\u00bbfar fa-question-circle\u00bb add_icon=\u00bbtrue\u00bb title=\u00bb\u00bfCu\u00e1les son las formas de pago?\u00bb tab_id=\u00bb1624653743371-6bd8f86e-9e56&#8243;][vc_column_text woodmart_inline=\u00bbno\u00bb text_larger=\u00bbno\u00bb]Podes abonar a trav\u00e9s de MercadoPago o mediante transferencia bancaria, pudi\u00e9ndose abonar el <strong>50% antes<\/strong> del inicio (para confirmar la asistencia) y el saldo restante en la \u00faltima reuni\u00f3n, previo a la entrega del certificado.[\/vc_column_text][\/vc_tta_section][\/vc_tta_accordion][\/vc_column][\/vc_row]<\/p>\n","protected":false},"excerpt":{"rendered":"<p>Conoce lo necesario de esta herramienta fundamental para la administraci\u00f3n, el estudio, o llevar los n\u00fameros de tu econom\u00eda personal de manera din\u00e1mica y organizada.<\/p>\n<p><i class=\"fas fa-laptop\" style=\"color: black;\"><\/i> <span style=\"color: #008e97;\"><strong><em>Clases en VIVO con grupos reducidos y acceso a grabaciones.<\/em><\/strong><\/span><\/p>\n","protected":false},"featured_media":7578,"comment_status":"open","ping_status":"closed","template":"","meta":[],"product_cat":[15],"product_tag":[],"class_list":["post-7473","product","type-product","status-publish","has-post-thumbnail","hentry","product_cat-cursos"],"_links":{"self":[{"href":"https:\/\/projectar.net.ar\/cefede\/wp-json\/wp\/v2\/product\/7473","targetHints":{"allow":["GET"]}}],"collection":[{"href":"https:\/\/projectar.net.ar\/cefede\/wp-json\/wp\/v2\/product"}],"about":[{"href":"https:\/\/projectar.net.ar\/cefede\/wp-json\/wp\/v2\/types\/product"}],"replies":[{"embeddable":true,"href":"https:\/\/projectar.net.ar\/cefede\/wp-json\/wp\/v2\/comments?post=7473"}],"wp:featuredmedia":[{"embeddable":true,"href":"https:\/\/projectar.net.ar\/cefede\/wp-json\/wp\/v2\/media\/7578"}],"wp:attachment":[{"href":"https:\/\/projectar.net.ar\/cefede\/wp-json\/wp\/v2\/media?parent=7473"}],"wp:term":[{"taxonomy":"product_cat","embeddable":true,"href":"https:\/\/projectar.net.ar\/cefede\/wp-json\/wp\/v2\/product_cat?post=7473"},{"taxonomy":"product_tag","embeddable":true,"href":"https:\/\/projectar.net.ar\/cefede\/wp-json\/wp\/v2\/product_tag?post=7473"}],"curies":[{"name":"wp","href":"https:\/\/api.w.org\/{rel}","templated":true}]}}