{"id":7475,"date":"2023-06-23T15:57:29","date_gmt":"2023-06-23T15:57:29","guid":{"rendered":"https:\/\/projectar.net.ar\/cefede\/?post_type=product&#038;p=7475"},"modified":"2023-06-23T22:45:16","modified_gmt":"2023-06-23T22:45:16","slug":"training-para-administrativo-en-organizaciones","status":"publish","type":"product","link":"https:\/\/projectar.net.ar\/cefede\/curso\/training-para-administrativo-en-organizaciones\/","title":{"rendered":"Training para Administrativo en Organizaciones."},"content":{"rendered":"<p>[vc_row full_width=\u00bbstretch_row\u00bb css=\u00bb.vc_custom_1624639913190{padding-top: 8vh !important;padding-bottom: 4vh !important;background-image: url(https:\/\/projectar.net.ar\/cefede\/wp-content\/uploads\/2021\/06\/bg.jpg?id=7643) !important;}\u00bb mobile_bg_img_hidden=\u00bbno\u00bb tablet_bg_img_hidden=\u00bbno\u00bb woodmart_parallax=\u00bb0&#8243; woodmart_gradient_switch=\u00bbno\u00bb row_reverse_mobile=\u00bb0&#8243; row_reverse_tablet=\u00bb0&#8243; woodmart_disable_overflow=\u00bb0&#8243;][vc_column]\t\t\n\t\t<div id=\"wd-62aa6615b08f3\" class=\"title-wrapper wd-wpb set-mb-s reset-last-child  wd-title-color-white wd-title-style-default wd-width-100 text-left vc_custom_1655334441965\">\n\t\t\t\t\t\t\t<div class=\"title-subtitle  subtitle-color-white font-default subtitle-style-background wd-font-weight-600 wd-fontsize-xs\">Inicio 16 de julio de 2022.<\/div>\n\t\t\t\n\t\t\t<div class=\"liner-continer\">\n\t\t\t\t<h4 class=\"woodmart-title-container title  wd-font-weight- wd-fontsize-xxl\" >\u00a1Bienvenidos a Training- Administrativo Empresa!<\/h4>\n\t\t\t\t\t\t\t<\/div>\n\t\t\t\n\t\t\t\n\t\t\t\t\t<\/div>\n\t\t\n\t\t[vc_empty_space woodmart_hide_large=\u00bb0&#8243; woodmart_hide_medium=\u00bb0&#8243; woodmart_hide_small=\u00bb0&#8243; woodmart_hide_extra_small=\u00bb0&#8243;]\t\t\n\t\t<div id=\"wd-60d63d5585371\" class=\"title-wrapper wd-wpb set-mb-s reset-last-child  wd-title-color-default wd-title-style-underlined wd-width-100 text-left \">\n\t\t\t\n\t\t\t<div class=\"liner-continer\">\n\t\t\t\t<h4 class=\"woodmart-title-container title  wd-font-weight- wd-fontsize-l\" >Informaci\u00f3n General<\/h4>\n\t\t\t\t\t\t\t<\/div>\n\t\t\t\n\t\t\t\n\t\t\t\t\t<\/div>\n\t\t\n\t\t[vc_tta_accordion active_section=\u00bb\u00bb collapsible_all=\u00bbtrue\u00bb][vc_tta_section i_icon_fontawesome=\u00bbfas fa-user-graduate\u00bb add_icon=\u00bbtrue\u00bb title=\u00bbObjetivos\u00bb tab_id=\u00bb1624638783125-390cd783-e4c3&#8243;][vc_column_text woodmart_inline=\u00bbno\u00bb text_larger=\u00bbno\u00bb]Como su nombre lo indica \u201cTraining\u201d, pretende entrenar a estudiantes y profesionales para\u00a0 que est\u00e9n listos para salir al campo, y lograr reducir esa brecha entre los conocimientos\u00a0 obtenidos en los estudios realizados en las instituciones acad\u00e9micas con la pr\u00e1ctica del d\u00eda\u00a0 a d\u00eda con la que nos encontramos en un Estudio Contable o Empresa Pyme.<\/p>\n<p>Para que luego de ese entrenamiento el participante consiga obtener un empleo\u00a0 relacionado con lo que estudia, mejore la situaci\u00f3n en su actual trabajo o comience a\u00a0 desarrollar sus primeras herramientas como profesional independiente.[\/vc_column_text][\/vc_tta_section][vc_tta_section i_icon_fontawesome=\u00bbfas fa-user-friends\u00bb add_icon=\u00bbtrue\u00bb title=\u00bbDestinatarios\u00bb tab_id=\u00bb1624638783141-6fd42395-601c\u00bb][vc_column_text woodmart_inline=\u00bbno\u00bb text_larger=\u00bbno\u00bb]<strong><em>Estudiantes <\/em><\/strong><em>iniciales, intermedios, avanzados o j\u00f3venes graduados de carreras Universitarias, Terciarias o Tecnicaturas, relacionadas con Ciencias Econ\u00f3micas que busquen complementar sus conocimientos te\u00f3rico-t\u00e9cnicos con la <strong>pr\u00e1ctica profesional<\/strong>, como tambi\u00e9n actuales o potenciales empleados administrativos de <strong>empresas pymes o estudios contables <\/strong>que tienen o pretenden tener la posibilidad de trabajar, pero necesitan profundizar los aspectos conceptuales. <\/em>[\/vc_column_text][\/vc_tta_section][vc_tta_section i_icon_fontawesome=\u00bbfar fa-clock\u00bb add_icon=\u00bbtrue\u00bb title=\u00bbCarga horaria y m\u00f3dulos\u00bb tab_id=\u00bb1624638868870-c8cf7bdd-cf48&#8243;][vc_column_text woodmart_inline=\u00bbno\u00bb text_larger=\u00bbno\u00bb]El m\u00f3dulo completo tiene una carga total de 12 horas, + las horas de aplicaci\u00f3n pr\u00e1ctica homework, con t\u00e9cnica y aplicaci\u00f3n pr\u00e1ctica en la <strong>VERSI\u00d3N EDUCATIVA DE ONVIO, LA PLATAFORMA ONLINE de BEJERMAN<\/strong> y la utilizaci\u00f3n de otras aplicaciones y herramientas.[\/vc_column_text][\/vc_tta_section][vc_tta_section i_icon_fontawesome=\u00bbfas fa-info-circle\u00bb add_icon=\u00bbtrue\u00bb title=\u00bbConsideraciones Generales\u00bb tab_id=\u00bb1624639099177-1db856ba-90f0&#8243;][vc_column_text woodmart_inline=\u00bbno\u00bb text_larger=\u00bbno\u00bb]<strong>&#8211; D\u00edas y Horarios <\/strong><\/p>\n<p>S\u00e1bados de 3h ON LINE EN VIVO, interactuando con el docente y tus compa\u00f1eros,\u00a0 m\u00e1s las pr\u00e1cticas a realizar en ONVIO de Thomson Reuters (Sistemas Bejerman).<\/p>\n<p><strong>&#8211; Fechas <\/strong><\/p>\n<p>La duraci\u00f3n del m\u00f3dulo es de 4 s\u00e1bados, con inicio el 22<strong> de julio de 2023<\/strong>[\/vc_column_text][\/vc_tta_section][vc_tta_section i_icon_fontawesome=\u00bbfas fa-certificate\u00bb add_icon=\u00bbtrue\u00bb title=\u00bbAsistencia M\u00ednima y Certificaci\u00f3n\u00bb tab_id=\u00bb1624639163741-3858c5ce-28b9&#8243;][vc_column_text woodmart_inline=\u00bbno\u00bb text_larger=\u00bbno\u00bb]Se extender\u00e1 un diploma certificado a quienes cumplan con los objetivos planteados en funci\u00f3n a la asistencia y desempe\u00f1o, siendo la asistencia m\u00ednima de un 75% por cada m\u00f3dulo.[\/vc_column_text][\/vc_tta_section][vc_tta_section i_icon_fontawesome=\u00bbfas fa-laptop\u00bb add_icon=\u00bbtrue\u00bb title=\u00bbModalidad Virtual\u00bb tab_id=\u00bb1624639191055-9ad3bc4d-bee9&#8243;][vc_column_text woodmart_inline=\u00bbno\u00bb text_larger=\u00bbno\u00bb]Entorno Virtual de Capacitaci\u00f3n de Projectar, que incluye aula virtual de MEET, Classroom para compartir material, versi\u00f3n educativa de ONVIO (Sistemas Bejerman) para practicar desde tu casa, y grabaci\u00f3n de la parte t\u00e9cnica, por si te pierdes alguna de las clases.[\/vc_column_text][\/vc_tta_section][vc_tta_section i_icon_fontawesome=\u00bbfar fa-clipboard\u00bb add_icon=\u00bbtrue\u00bb title=\u00bbInscripci\u00f3n y Pago\u00bb tab_id=\u00bb1624639232608-8d5bad1d-ac3f\u00bb][vc_column_text woodmart_inline=\u00bbno\u00bb text_larger=\u00bbno\u00bb]El programa tiene un costo de <strong>$ 8.900 <\/strong>Considerando un descuento aplicado para estudiantes terciarios y universitarios. Podr\u00e1s abonarlo mediante mercado pago o transferencia.<\/p>\n<p>Inscribite mediante la tienda virtual del <strong>CEFEDE<\/strong> <a href=\"https:\/\/projectar.net.ar\/cefede\/\">https:\/\/projectar.net.ar\/cefede\/<\/a><\/p>\n<p>Podr\u00e1s pagarlo con Mercado Pago en cuotas, efectivo en lugares de pago o transferencia en un pago.[\/vc_column_text][\/vc_tta_section][\/vc_tta_accordion][vc_empty_space woodmart_hide_large=\u00bb0&#8243; woodmart_hide_medium=\u00bb0&#8243; woodmart_hide_small=\u00bb0&#8243; woodmart_hide_extra_small=\u00bb0&#8243;]\t\t\n\t\t<div id=\"wd-60d644d539c8a\" class=\"title-wrapper wd-wpb set-mb-s reset-last-child  wd-title-color-default wd-title-style-underlined wd-width-100 text-left \">\n\t\t\t\n\t\t\t<div class=\"liner-continer\">\n\t\t\t\t<h4 class=\"woodmart-title-container title  wd-font-weight- wd-fontsize-l\" >M\u00f3dulos y Contenidos<\/h4>\n\t\t\t\t\t\t\t<\/div>\n\t\t\t\n\t\t\t\n\t\t\t\t\t<\/div>\n\t\t\n\t\t[vc_tta_accordion active_section=\u00bb\u00bb collapsible_all=\u00bbtrue\u00bb][vc_tta_section i_icon_fontawesome=\u00bbfas fa-book-open\u00bb add_icon=\u00bbtrue\u00bb title=\u00bbReuni\u00f3n 1. La Organizaci\u00f3n, la Contabilidad, los Sistemas de Informaci\u00f3n Contable, actividades en las Empresas y Estudios Contables.\u00bb tab_id=\u00bb1624652697150-c0d1f91c-8f4c\u00bb][vc_column_text woodmart_inline=\u00bbno\u00bb text_larger=\u00bbno\u00bb]a) Presentaci\u00f3n de los participantes. Objetivos, modalidad y caracter\u00edsticas del curso.<\/p>\n<p>b) Cultura Projectar \u2013 Comunidad Profesional.<\/p>\n<p>c) La Organizaci\u00f3n y la Contabilidad como un Sistema de Informaci\u00f3n.<\/p>\n<p>d) Diferentes tipos de relaciones y Servicios entre Estudio Contable y Empresa Cliente.<\/p>\n<p><strong><em>Aplicaci\u00f3n Pr\u00e1ctica. <\/em><\/strong><em>Ver diferentes tipos de Software e interacci\u00f3n de la informaci\u00f3n.\u00a0 <\/em>THOMSON REUTERS ONVIO \u2013 SISTEMAS BEJERMAN<\/p>\n<p><strong>Duraci\u00f3n 2 hs. en vivo<\/strong>[\/vc_column_text][\/vc_tta_section][vc_tta_section i_icon_fontawesome=\u00bbfas fa-book-open\u00bb add_icon=\u00bbtrue\u00bb title=\u00bbReuni\u00f3n 2. Circuito de la Informaci\u00f3n Contable. Emisi\u00f3n y registraci\u00f3n de comprobantes. Interacci\u00f3n Empresa\/Estudio Contable.\u00bb tab_id=\u00bb1624652697176-d7a14976-1a83&#8243;][vc_column_text woodmart_inline=\u00bbno\u00bb text_larger=\u00bbno\u00bb]a) Sujetos que participan del circuito de informaci\u00f3n e interacci\u00f3n entre la empresa y el Estudio Contable en funci\u00f3n del tipo de servicio y de la compatibilidad del Software.<\/p>\n<p>b) M\u00f3dulos funcionales de la Administraci\u00f3n de una empresa (Ventas, Compras, laboral, finanzas, producci\u00f3n, impuestos y contabilidad)<\/p>\n<p>c) Empresa como generadora de informaci\u00f3n. Principales comprobantes. Emisi\u00f3n y registraci\u00f3n de comprobantes. Facturas (conceptos de compra y venta), Remitos, Recibos, \u00d3rdenes de Pago, comprobantes de retenci\u00f3n.<\/p>\n<p>d) Cuentas Corrientes Clientes y Proveedores. Tesorer\u00eda.<\/p>\n<p><strong><em>Aplicaci\u00f3n Pr\u00e1ctica.<\/em><\/strong><em> M\u00f3dulos de Gesti\u00f3n en Soft versi\u00f3n empresa. Ventas \/ Compras \/Tesorer\u00eda (cobranzas y pagos), emisi\u00f3n y registraci\u00f3n de comprobantes (Factura tradicional y Factura electr\u00f3nica, \u00f3rdenes de pago, recibos, etc.). <\/em><\/p>\n<p>[\/vc_column_text][\/vc_tta_section][vc_tta_section i_icon_fontawesome=\u00bbfas fa-book-open\u00bb add_icon=\u00bbtrue\u00bb title=\u00bbReuni\u00f3n 3. Conciliaciones bancarias y registraci\u00f3n de movimientos bancarios para la contabilidad. Cash Flow. Generaci\u00f3n de Informes para los m\u00f3dulos de contabilidad e impuestos.\u00bb tab_id=\u00bb1624652835103-cc18e76a-6438&#8243;][vc_column_text woodmart_inline=\u00bbno\u00bb text_larger=\u00bbno\u00bb]a) Informaci\u00f3n que genera la operaci\u00f3n financiera para la contabilidad.<\/p>\n<p>b) Qu\u00e9 es y c\u00f3mo se hace una conciliaci\u00f3n bancaria.<\/p>\n<p>c) Como preparar los papeles de trabajo que surgen de los extractos bancarios.<\/p>\n<p>d) Qu\u00e9 es y c\u00f3mo funciona un Cash Flow.<\/p>\n<p><strong><em>Aplicaci\u00f3n Pr\u00e1ctica.<\/em><\/strong><em> Conciliaci\u00f3n Bancaria e informes en el Soft de la empresa. Emisi\u00f3n de un Cash Flow. Elaboraci\u00f3n del Papel de trabajo de Bancos. <\/em><\/p>\n<p>[\/vc_column_text][\/vc_tta_section][vc_tta_section i_icon_fontawesome=\u00bbfas fa-book-open\u00bb add_icon=\u00bbtrue\u00bb title=\u00bbReuni\u00f3n 4. Emisi\u00f3n de Informes Contables y de Gesti\u00f3n. Confecci\u00f3n de Papeles de trabajo. Registraciones Contables.\u00bb tab_id=\u00bb1624652888964-216a94dd-a1a9&#8243;][vc_column_text woodmart_inline=\u00bbno\u00bb text_larger=\u00bbno\u00bb]a) Obtener la informaci\u00f3n de los diferentes m\u00f3dulos de la empresa\/estudio.<\/p>\n<p>b) Elaborar los papeles de trabajo.<\/p>\n<p>c) Elaboraci\u00f3n de Informes de Gesti\u00f3n. Indicadores y su interpretaci\u00f3n.<\/p>\n<p>d) Realizar las registraciones (asientos).<\/p>\n<p><strong><em>Aplicaci\u00f3n Pr\u00e1ctica.<\/em><\/strong><em> Asientos, mayores, informe de saldos en el Soft del Estudio Contable. Papeles de trabajo, registraciones y emisi\u00f3n de informes de gesti\u00f3n desde el sistema y a trav\u00e9s de Excel.<\/em><\/p>\n<p>[\/vc_column_text][\/vc_tta_section][\/vc_tta_accordion][vc_empty_space woodmart_hide_large=\u00bb0&#8243; woodmart_hide_medium=\u00bb0&#8243; woodmart_hide_small=\u00bb0&#8243; woodmart_hide_extra_small=\u00bb0&#8243;]\t\t\n\t\t<div id=\"wd-60d644dad92f3\" class=\"title-wrapper wd-wpb set-mb-s reset-last-child  wd-title-color-default wd-title-style-underlined wd-width-100 text-left \">\n\t\t\t\n\t\t\t<div class=\"liner-continer\">\n\t\t\t\t<h4 class=\"woodmart-title-container title  wd-font-weight- wd-fontsize-l\" >Preguntas Frecuentes<\/h4>\n\t\t\t\t\t\t\t<\/div>\n\t\t\t\n\t\t\t\n\t\t\t\t\t<\/div>\n\t\t\n\t\t[vc_tta_accordion active_section=\u00bb\u00bb collapsible_all=\u00bbtrue\u00bb][vc_tta_section i_icon_fontawesome=\u00bbfar fa-question-circle\u00bb add_icon=\u00bbtrue\u00bb title=\u00bb\u00bfCu\u00e1nto dura el TRAINING ADMINISTRATIVO EMPRESA?\u00bb tab_id=\u00bb1624653505759-ae16aa2f-454c\u00bb][vc_column_text woodmart_inline=\u00bbno\u00bb text_larger=\u00bbno\u00bb]Tiene una duraci\u00f3n total de 20hs, la cual se encuentra distribuida en reuniones en vivo de 2 horas los d\u00edas s\u00e1bados, mas las grabaciones de los temas a tratar en cada reunion con una duraci\u00f3n total de 3 horas por clase, durante 4 s\u00e1bados.[\/vc_column_text][\/vc_tta_section][vc_tta_section i_icon_fontawesome=\u00bbfar fa-question-circle\u00bb add_icon=\u00bbtrue\u00bb title=\u00bb\u00bfDebo tener conocimientos previos para realizarlo?\u00bb tab_id=\u00bb1624653505822-1ddbe5ae-a53b\u00bb][vc_column_text woodmart_inline=\u00bbno\u00bb text_larger=\u00bbno\u00bb]No es necesario conocimientos previos, solo ser mayor de 18 a\u00f1os.[\/vc_column_text][\/vc_tta_section][vc_tta_section i_icon_fontawesome=\u00bbfar fa-question-circle\u00bb add_icon=\u00bbtrue\u00bb title=\u00bb\u00bfQu\u00e9 pasa si no puedo asistir a una clase, puedo recuperarla?\u00bb tab_id=\u00bb1624653505890-3735b368-4c02&#8243;][vc_column_text woodmart_inline=\u00bbno\u00bb text_larger=\u00bbno\u00bb]Si, las clases se graban, por lo cual las puedes ver las veces necesarias, ya que quedan en nuestra plataforma.[\/vc_column_text][\/vc_tta_section][vc_tta_section i_icon_fontawesome=\u00bbfar fa-question-circle\u00bb add_icon=\u00bbtrue\u00bb title=\u00bb\u00bfHay parte pr\u00e1ctica de cada tema tratado?\u00bb tab_id=\u00bb1624653505968-fec15328-1b98&#8243;][vc_column_text woodmart_inline=\u00bbno\u00bb text_larger=\u00bbno\u00bb]Si, en cada clase en vivo se ve la parte pr\u00e1ctica, y se les deja tareas para realizar en el sistema, en cualquier momento durante la semana.[\/vc_column_text][\/vc_tta_section][vc_tta_section i_icon_fontawesome=\u00bbfar fa-question-circle\u00bb add_icon=\u00bbtrue\u00bb title=\u00bb\u00bfSe entregan certificados?\u00bb tab_id=\u00bb1624653667258-0c767e0e-45fa\u00bb][vc_column_text woodmart_inline=\u00bbno\u00bb text_larger=\u00bbno\u00bb]Si, una vez finalizado y cumplido con el 75% de asistencia al m\u00f3dulo, se le entregar\u00e1 un diploma certificado.[\/vc_column_text][\/vc_tta_section][vc_tta_section i_icon_fontawesome=\u00bbfar fa-question-circle\u00bb add_icon=\u00bbtrue\u00bb title=\u00bb\u00bfSe debe realizar una evaluaci\u00f3n o trabajo final como condici\u00f3n de aprobaci\u00f3n?\u00bb tab_id=\u00bb1624653688348-e5238fca-3712&#8243;][vc_column_text woodmart_inline=\u00bbno\u00bb text_larger=\u00bbno\u00bb]No, solo cumplir la condici\u00f3n de tener 75% de asistencia al mismo.[\/vc_column_text][\/vc_tta_section][vc_tta_section i_icon_fontawesome=\u00bbfar fa-question-circle\u00bb add_icon=\u00bbtrue\u00bb title=\u00bb\u00bfQu\u00e9 incluye el costo del curso?\u00bb tab_id=\u00bb1624653710337-394fee4c-87a7&#8243;][vc_column_text woodmart_inline=\u00bbno\u00bb text_larger=\u00bbno\u00bb]Aula virtual, classroom con material, versi\u00f3n educativa de <strong>ONVIO &#8211; Thomson Reuters<\/strong> para trabajar desde tu casa durante el desarrollo del taller, y grabaciones de las clases por si te pierdes o quieres repasar alguna.[\/vc_column_text][\/vc_tta_section][vc_tta_section i_icon_fontawesome=\u00bbfar fa-question-circle\u00bb add_icon=\u00bbtrue\u00bb title=\u00bb\u00bfCu\u00e1les son las formas de pago?\u00bb tab_id=\u00bb1624653743371-6bd8f86e-9e56&#8243;][vc_column_text woodmart_inline=\u00bbno\u00bb text_larger=\u00bbno\u00bb]Podes abonar a trav\u00e9s de MercadoPago o mediante transferencia bancaria, pudi\u00e9ndose abonar el <strong>50% antes<\/strong> del inicio (para confirmar la asistencia) y el saldo restante en la \u00faltima reuni\u00f3n, previo a la entrega del certificado.[\/vc_column_text][\/vc_tta_section][\/vc_tta_accordion][\/vc_column][\/vc_row]<\/p>\n","protected":false},"excerpt":{"rendered":"<p>Entrenate para trabajar en la administraci\u00f3n de empresas y ONG<\/p>\n<p><i class=\"fas fa-laptop-code\" style=\"color: black;\"><\/i> <strong><em><span style=\"color: #f58220;\">Incluye Version Demo de Sistema Lider para que practiques<\/span>.<\/em><\/strong><\/p>\n<p><i class=\"fas fa-laptop\" style=\"color: black;\"><\/i> <span style=\"color: #008e97;\"><strong><em>Clases en VIVO con grupos reducidos y acceso a grabaciones.<\/em><\/strong><\/span><\/p>\n","protected":false},"featured_media":7588,"comment_status":"open","ping_status":"closed","template":"","meta":[],"product_cat":[15],"product_tag":[],"class_list":["post-7475","product","type-product","status-publish","has-post-thumbnail","hentry","product_cat-cursos"],"_links":{"self":[{"href":"https:\/\/projectar.net.ar\/cefede\/wp-json\/wp\/v2\/product\/7475","targetHints":{"allow":["GET"]}}],"collection":[{"href":"https:\/\/projectar.net.ar\/cefede\/wp-json\/wp\/v2\/product"}],"about":[{"href":"https:\/\/projectar.net.ar\/cefede\/wp-json\/wp\/v2\/types\/product"}],"replies":[{"embeddable":true,"href":"https:\/\/projectar.net.ar\/cefede\/wp-json\/wp\/v2\/comments?post=7475"}],"wp:featuredmedia":[{"embeddable":true,"href":"https:\/\/projectar.net.ar\/cefede\/wp-json\/wp\/v2\/media\/7588"}],"wp:attachment":[{"href":"https:\/\/projectar.net.ar\/cefede\/wp-json\/wp\/v2\/media?parent=7475"}],"wp:term":[{"taxonomy":"product_cat","embeddable":true,"href":"https:\/\/projectar.net.ar\/cefede\/wp-json\/wp\/v2\/product_cat?post=7475"},{"taxonomy":"product_tag","embeddable":true,"href":"https:\/\/projectar.net.ar\/cefede\/wp-json\/wp\/v2\/product_tag?post=7475"}],"curies":[{"name":"wp","href":"https:\/\/api.w.org\/{rel}","templated":true}]}}