{"id":7477,"date":"2023-05-16T16:01:05","date_gmt":"2023-05-16T16:01:05","guid":{"rendered":"https:\/\/projectar.net.ar\/cefede\/?post_type=product&#038;p=7477"},"modified":"2025-08-14T01:47:13","modified_gmt":"2025-08-14T01:47:13","slug":"taller-enfocarte-orientacion-vocacional","status":"publish","type":"product","link":"https:\/\/projectar.net.ar\/cefede\/curso\/taller-enfocarte-orientacion-vocacional\/","title":{"rendered":"Taller Enfocarte Orientaci\u00f3n Vocacional"},"content":{"rendered":"<p>[vc_row full_width=\u00bbstretch_row\u00bb css=\u00bb.vc_custom_1624639913190{padding-top: 8vh !important;padding-bottom: 4vh !important;background-image: url(https:\/\/projectar.net.ar\/cefede\/wp-content\/uploads\/2021\/06\/bg.jpg?id=7643) !important;}\u00bb mobile_bg_img_hidden=\u00bbno\u00bb tablet_bg_img_hidden=\u00bbno\u00bb woodmart_parallax=\u00bb0&#8243; woodmart_gradient_switch=\u00bbno\u00bb row_reverse_mobile=\u00bb0&#8243; row_reverse_tablet=\u00bb0&#8243; woodmart_disable_overflow=\u00bb0&#8243;][vc_column][vc_row_inner][vc_column_inner width=\u00bb5\/6&#8243;]\t\t\n\t\t<div id=\"wd-62aa65672eb5b\" class=\"title-wrapper wd-wpb set-mb-s reset-last-child  wd-title-color-white wd-title-style-default wd-width-100 text-left vc_custom_1655334267092\">\n\t\t\t\t\t\t\t<div class=\"title-subtitle  subtitle-color-white font-default subtitle-style-background wd-font-weight-600 wd-fontsize-xs\">Inicio Noviembre 2022.<\/div>\n\t\t\t\n\t\t\t<div class=\"liner-continer\">\n\t\t\t\t<h4 class=\"woodmart-title-container title  wd-font-weight- wd-fontsize-xxl\" >\u00a1Bienvenidos a Taller Vocacional \u2013 Enfocarte!<\/h4>\n\t\t\t\t\t\t\t<\/div>\n\t\t\t\n\t\t\t\n\t\t\t\t\t<\/div>\n\t\t\n\t\t[\/vc_column_inner][vc_column_inner width=\u00bb1\/6&#8243;][vc_single_image image=\u00bb7744&#8243; woodmart_inline=\u00bbno\u00bb parallax_scroll=\u00bbno\u00bb][\/vc_column_inner][\/vc_row_inner][vc_empty_space woodmart_hide_large=\u00bb0&#8243; woodmart_hide_medium=\u00bb0&#8243; woodmart_hide_small=\u00bb0&#8243; woodmart_hide_extra_small=\u00bb0&#8243;]\t\t\n\t\t<div id=\"wd-60f9d500dff0d\" class=\"title-wrapper wd-wpb set-mb-s reset-last-child  wd-title-color-default wd-title-style-underlined wd-width-100 text-left \">\n\t\t\t\t\t\t\t<div class=\"title-subtitle  subtitle-color-default font-default subtitle-style-default wd-font-weight-800 wd-fontsize-xs\">para informarte acerca del taller de mano de l@s COACHES a cargo escribinos a Info.consultorasiembra@gmail.com<\/div>\n\t\t\t\n\t\t\t<div class=\"liner-continer\">\n\t\t\t\t<h4 class=\"woodmart-title-container title  wd-font-weight- wd-fontsize-l\" >Informaci\u00f3n General<\/h4>\n\t\t\t\t\t\t\t<\/div>\n\t\t\t\n\t\t\t\n\t\t\t\t\t<\/div>\n\t\t\n\t\t[vc_tta_accordion active_section=\u00bb\u00bb collapsible_all=\u00bbtrue\u00bb][vc_tta_section i_icon_fontawesome=\u00bbfas fa-user-graduate\u00bb add_icon=\u00bbtrue\u00bb title=\u00bbObjetivos\u00bb tab_id=\u00bb1624638783125-390cd783-e4c3&#8243;][vc_column_text woodmart_inline=\u00bbno\u00bb text_larger=\u00bbno\u00bb]Que el participante del taller, logre reflexionar acerca de cuestiones relacionadas con la vocaci\u00f3n, la formaci\u00f3n, la profesi\u00f3n, el desarrollo personal, relacion\u00e1ndolo con sus talentos, pasiones, conocimientos y sentires.\u00a0 Que le aporten nuevas herramientas a la hora de tomar una decisional respecto al camino a seguir.[\/vc_column_text][\/vc_tta_section][vc_tta_section i_icon_fontawesome=\u00bbfas fa-user-friends\u00bb add_icon=\u00bbtrue\u00bb title=\u00bbDestinatarios\u00bb tab_id=\u00bb1624638783141-6fd42395-601c\u00bb][vc_column_text woodmart_inline=\u00bbno\u00bb text_larger=\u00bbno\u00bb]<em>Estudiantes de \u00faltimos a\u00f1os de colegio secundario, que est\u00e1n queriendo proyectar su camino vocacional, profesional y personal y tomar las decisiones acertadas para dar sus primeros pasos.\u00a0 Estudiantes terciarios, o universitarios, que ya han tomado una decisi\u00f3n en cuanto a su carrera a seguir, pero no est\u00e1n convencidos al respecto.\u00a0 Profesionales que luego de haber estudiado y trabajado est\u00e1n replante\u00e1ndose su futuro. Y toda persona que en cualquier momento de su vida que se encuentre se este preguntando cual es su prop\u00f3sito, vocaci\u00f3n o talento, y que camino quieren tomar.<\/em>[\/vc_column_text][\/vc_tta_section][vc_tta_section i_icon_fontawesome=\u00bbfar fa-clock\u00bb add_icon=\u00bbtrue\u00bb title=\u00bbCarga horaria y m\u00f3dulos\u00bb tab_id=\u00bb1624638868870-c8cf7bdd-cf48&#8243;][vc_column_text woodmart_inline=\u00bbno\u00bb text_larger=\u00bbno\u00bb]El taller tiene una carga total de 8 horas, distribuidos en 4 encuentros virtuales + las horas de aplicaci\u00f3n pr\u00e1ctica y reflexi\u00f3n en casa.[\/vc_column_text][\/vc_tta_section][vc_tta_section i_icon_fontawesome=\u00bbfas fa-info-circle\u00bb add_icon=\u00bbtrue\u00bb title=\u00bbConsideraciones Generales\u00bb tab_id=\u00bb1624639099177-1db856ba-90f0&#8243;][vc_column_text woodmart_inline=\u00bbno\u00bb text_larger=\u00bbno\u00bb]<strong>&#8211; D\u00edas y Horarios <\/strong><\/p>\n<p>La duraci\u00f3n es de un mes, distribuido en un encuentro por semana para que tengas tiempo de reflexionar entre cada uno de ellos.<\/p>\n<p><strong>&#8211; Fechas <\/strong><\/p>\n<p><strong>4<\/strong> encuentros semanales con <strong>inicio a definir en noviembre del 2023<\/strong>[\/vc_column_text][\/vc_tta_section][vc_tta_section i_icon_fontawesome=\u00bbfas fa-laptop\u00bb add_icon=\u00bbtrue\u00bb title=\u00bbModalidad Virtual\u00bb tab_id=\u00bb1624639191055-9ad3bc4d-bee9&#8243;][vc_column_text woodmart_inline=\u00bbno\u00bb text_larger=\u00bbno\u00bb]Entorno Virtual del CE.F.E.DE, que incluye aula virtual de MEET, Classroom para compartir material, y grabaci\u00f3n de la parte t\u00e9cnica, por si te pierdes alguno de los encuentros.[\/vc_column_text][\/vc_tta_section][vc_tta_section i_icon_fontawesome=\u00bbfar fa-clipboard\u00bb add_icon=\u00bbtrue\u00bb title=\u00bbInscripci\u00f3n y Pago\u00bb tab_id=\u00bb1624639232608-8d5bad1d-ac3f\u00bb][vc_column_text woodmart_inline=\u00bbno\u00bb text_larger=\u00bbno\u00bb]El programa tiene un costo de $4900<strong>\u00a0<\/strong>considerando un descuento aplicado, para estudiantes de colegios secundarios, terciarios y universitarios. Podr\u00e1s abonarlo mediante mercado pago en cuotas o transferencia.<\/p>\n<p>Inscribite mediante la tienda virtual del <strong>CEFEDE<\/strong> <a href=\"https:\/\/projectar.net.ar\/cefede\/\">https:\/\/projectar.net.ar\/cefede\/<\/a><\/p>\n<p>Podr\u00e1s pagarlo con Mercado Pago en cuotas, efectivo en lugares de pago o transferencia en un pago.[\/vc_column_text][\/vc_tta_section][\/vc_tta_accordion]\t\t\n\t\t<div id=\"wd-60f72cb60bb3a\" class=\"title-wrapper wd-wpb set-mb-s reset-last-child  wd-title-color-default wd-title-style-underlined wd-width-100 text-left \">\n\t\t\t\n\t\t\t<div class=\"liner-continer\">\n\t\t\t\t<h4 class=\"woodmart-title-container title  wd-font-weight- wd-fontsize-l\" >Contenidos de las reuniones<\/h4>\n\t\t\t\t\t\t\t<\/div>\n\t\t\t\n\t\t\t\n\t\t\t\t\t<\/div>\n\t\t\n\t\t[vc_tta_accordion active_section=\u00bb0&#8243; collapsible_all=\u00bbtrue\u00bb][vc_tta_section i_icon_fontawesome=\u00bbfas fa-wrench\u00bb add_icon=\u00bbtrue\u00bb title=\u00bbReuni\u00f3n 1&#8243; tab_id=\u00bb1624654814804-92eec7ca-98ff\u00bb][vc_column_text woodmart_inline=\u00bbno\u00bb text_larger=\u00bbno\u00bb]<strong>Reuni\u00f3n I<\/strong><\/p>\n<p>Para iniciar este proceso de b\u00fasqueda y transformaci\u00f3n sobre la elecci\u00f3n de tu futura profesi\u00f3n, primero te invitamos a conocerte y conectar con vos mismo:<\/p>\n<ul>\n<li>\u00bfC\u00f3mo sos? &#8211; Personalidad.<\/li>\n<li>\u00bfQu\u00e9 te gusta hacer? &#8211; Intereses<\/li>\n<li>\u00bfQu\u00e9 sabes hacer? &#8211; Habilidades<\/li>\n<li>\u00bfQu\u00e9 te importa? \u2013 Motivaciones<\/li>\n<\/ul>\n<p><strong>La vocaci\u00f3n: Mitos y consejos que te ayudaran a tomar la decisi\u00f3n<\/strong><\/p>\n<ul>\n<li>\u00bfCu\u00e1ndo la encuentre voy a ser feliz y me sentir\u00e9 plena\/o?<\/li>\n<li>\u00bfS\u00f3lo puedo tener una pasi\u00f3n?<\/li>\n<li>\u00bfMi vida no tiene sentido sin ella?<\/li>\n<li>\u00bfLlegar\u00e1 de un d\u00eda para otro?<\/li>\n<li>\u00bfLa profesi\u00f3n perfecta existe?<\/li>\n<li>\u00bfTengo que ser profesional?<\/li>\n<li>\u00bfNecesito definir mi futuro?<\/li>\n<li>\u00bfS\u00f3lo hay una decisi\u00f3n correcta?<\/li>\n<li>\u00bfSin un t\u00edtulo no tengo futuro?<\/li>\n<li>\u00bfEs para siempre?<\/li>\n<\/ul>\n<p>[\/vc_column_text][\/vc_tta_section][vc_tta_section i_icon_fontawesome=\u00bbfas fa-wrench\u00bb add_icon=\u00bbtrue\u00bb title=\u00bbReuni\u00f3n 2&#8243; tab_id=\u00bb1626811211312-b2c72b39-2584&#8243;][vc_column_text woodmart_inline=\u00bbno\u00bb text_larger=\u00bbno\u00bb]<strong>Reuni\u00f3n II<\/strong><\/p>\n<p><strong>El elemento<\/strong><\/p>\n<p>El elemento, es all\u00ed donde confluyen las cosas que te encanta hacer y las que se te dan bien. Dicho de otra forma, es el punto de encuentro entre tus aptitudes naturales y tus inclinaciones personales.<\/p>\n<p>Encontrar tu Elemento es importante por varios motivos:<\/p>\n<ul>\n<li>Te permite conseguir un mayor bienestar y \u00e9xito a largo plazo.<\/li>\n<li>Fortalece tu sentido de identidad.<\/li>\n<li>Te ayuda a adquirir el potencial para alcanzar mayores logros.<\/li>\n<li>Te da la oportunidad de utilizar tus capacidades naturales de forma integral.<\/li>\n<\/ul>\n<p><strong>La actitud y la oportunidad<\/strong><\/p>\n<ul>\n<li><u>La capacidad:<\/u> es la facilidad natural para hacer una cosa; es una percepci\u00f3n intuitiva o una comprensi\u00f3n de qu\u00e9 es algo, c\u00f3mo funciona y c\u00f3mo utilizarlo.<\/li>\n<li><u>La vocaci\u00f3n:<\/u> para estar en tu Elemento necesitas apasionarte. Las personas que est\u00e1n en su Elemento encuentran gran deleite y placer en lo que hacen.<\/li>\n<li><u>La actitud:<\/u> es la perspectiva personal que tenemos de nosotros mismos y de nuestras circunstancias, es decir, el \u00e1ngulo desde el que miramos las cosas, nuestra disposici\u00f3n.<\/li>\n<li><u>La oportunidad:<\/u> Las aptitudes no llegan a hacerse patentes a menos que tengamos la oportunidad de utilizarlas. Descubrir nuestro Elemento depende mucho de las oportunidades que tenemos, de las que creamos, de si las aprovechamos y de c\u00f3mo lo hacemos.<\/li>\n<\/ul>\n<p><strong>Preguntas Poderosas<\/strong><\/p>\n<ul>\n<li>\u00bfEn qu\u00e9 disfrutas realmente?<\/li>\n<li>\u00bfEn qu\u00e9 actividades pierdes la noci\u00f3n del tiempo?<\/li>\n<li>\u00bfCu\u00e1les son tus intereses y aficiones? \u00bfDe qu\u00e9 temas hablas?<\/li>\n<li>\u00bfCu\u00e1l es aquello en tu vida sin lo cual no podr\u00edas vivir?<\/li>\n<li>\u00bfQu\u00e9 necesitas hacer para sentirte conectado con tu yo aut\u00e9ntico?<\/li>\n<li>\u00bfQu\u00e9 es lo que has hecho siempre sin darte cuenta?<\/li>\n<li>\u00bfEn qu\u00e9 cosas recibes reconocimiento de los dem\u00e1s?<\/li>\n<li>\u00bfC\u00f3mo ayudas a los dem\u00e1s? \u00bfQu\u00e9 les aportas?<\/li>\n<\/ul>\n<p>[\/vc_column_text][\/vc_tta_section][vc_tta_section i_icon_fontawesome=\u00bbfas fa-wrench\u00bb add_icon=\u00bbtrue\u00bb title=\u00bbReuni\u00f3n 3&#8243; tab_id=\u00bb1626811288084-a788ad6e-ac7a\u00bb][vc_column_text woodmart_inline=\u00bbno\u00bb text_larger=\u00bbno\u00bb]<strong>Reuni\u00f3n III<\/strong><\/p>\n<ul>\n<li><strong>\u00bfQu\u00e9 es SER Profesional?<\/strong>\n<ul>\n<li>Incumbencias profesionales.<\/li>\n<li>\u00bfEn qu\u00e9 puedo trabajar con mi profesi\u00f3n, oficio o vocaci\u00f3n?<\/li>\n<li>\u00bfD\u00f3nde y con qu\u00e9 modalidades?<\/li>\n<li>\u00bfCu\u00e1l es mi perfil (Paralelismo con perfil del inversor)?<\/li>\n<\/ul>\n<\/li>\n<\/ul>\n<ul>\n<li><strong>Formaci\u00f3n<\/strong>\n<ul>\n<li>Educaci\u00f3n tradicional formal VS Aprendizaje inteligente o invisible<\/li>\n<li>Contenidos VS Relaciones y Actitudes<\/li>\n<li>Docentes VS Formadores<\/li>\n<li>Educaci\u00f3n Presencial VS Educaci\u00f3n y trabajo Virtual<\/li>\n<li>Formaci\u00f3n Universitaria VS Pr\u00e1ctica Profesional<\/li>\n<li>Formaci\u00f3n Profesional VS Desarrollo Personal<\/li>\n<\/ul>\n<\/li>\n<\/ul>\n<ul>\n<li><strong>Mapa de carreras<\/strong><\/li>\n<li><strong>Nuevas tendencias<\/strong>\n<ul>\n<li>Long life learning<\/li>\n<li>Bootcamps<\/li>\n<\/ul>\n<\/li>\n<\/ul>\n<ul>\n<li><strong>Mercado laboral hoy y emprender en la era Digital<\/strong>\n<ul>\n<li>En el plano laboral<\/li>\n<li>CV vs Marca Personal<\/li>\n<li>La b\u00fasqueda de empleo hoy<\/li>\n<li>Emprendedorismo en la era digital<\/li>\n<\/ul>\n<\/li>\n<\/ul>\n<ul>\n<li><strong>Acerca del SER<\/strong>\n<ul>\n<li>Inteligencia Emocional.<\/li>\n<li>Circunstancias de la Vida, y toma de decisiones<\/li>\n<li>La vida en ciclos y momentos<\/li>\n<\/ul>\n<\/li>\n<\/ul>\n<p>[\/vc_column_text][\/vc_tta_section][vc_tta_section i_icon_fontawesome=\u00bbfas fa-wrench\u00bb add_icon=\u00bbtrue\u00bb title=\u00bbReuni\u00f3n 4&#8243; tab_id=\u00bb1626811304136-a8fee51c-7bef\u00bb][vc_column_text woodmart_inline=\u00bbno\u00bb text_larger=\u00bbno\u00bb]<strong>Reuni\u00f3n IV<\/strong><\/p>\n<p><strong>Cierre<\/strong><\/p>\n<p>Pilares de confianza y cierre.<\/p>\n<p>Decisi\u00f3n final y puesta en com\u00fan de lo aprendido en el taller.[\/vc_column_text][\/vc_tta_section][\/vc_tta_accordion]\t\t\n\t\t<div id=\"wd-60f72c18416eb\" class=\"title-wrapper wd-wpb set-mb-s reset-last-child  wd-title-color-default wd-title-style-underlined wd-width-100 text-left \">\n\t\t\t\n\t\t\t<div class=\"liner-continer\">\n\t\t\t\t<h4 class=\"woodmart-title-container title  wd-font-weight- wd-fontsize-l\" >Preguntas Frecuentes<\/h4>\n\t\t\t\t\t\t\t<\/div>\n\t\t\t\n\t\t\t\n\t\t\t\t\t<\/div>\n\t\t\n\t\t[vc_tta_accordion active_section=\u00bb0&#8243; collapsible_all=\u00bbtrue\u00bb][vc_tta_section i_icon_fontawesome=\u00bbfar fa-question-circle\u00bb add_icon=\u00bbtrue\u00bb title=\u00bb\u00bfEn este taller voy a resolver mi futuro?\u00bb tab_id=\u00bb1624654889686-43d95714-550c\u00bb][vc_column_text woodmart_inline=\u00bbno\u00bb text_larger=\u00bbno\u00bb]No, este taller te va a brindar herramientas de autoconocimiento para saber: como sos-personalidad, que te gusta hacer-intereses, que sabes hacer-habilidades, que te importa-motivaciones, para que puedas identificar y desafiar que creencias limitantes y miedos no te permiten conectarte con tus verdaderos deseos y objetivos[\/vc_column_text][\/vc_tta_section][vc_tta_section i_icon_fontawesome=\u00bbfar fa-question-circle\u00bb add_icon=\u00bbtrue\u00bb title=\u00bb\u00bfVoy a salir sabiendo que quiero estudiar, o en que quiero trabajar el a\u00f1o pr\u00f3ximo?\u00bb tab_id=\u00bb1626811656328-3e4e1a84-db12&#8243;][vc_column_text woodmart_inline=\u00bbno\u00bb text_larger=\u00bbno\u00bb]No, te vas a llevar herramientas para poder decidir tu camino vocacional de una manera m\u00e1s consciente.[\/vc_column_text][\/vc_tta_section][vc_tta_section i_icon_fontawesome=\u00bbfar fa-question-circle\u00bb add_icon=\u00bbtrue\u00bb title=\u00bb\u00bfVoy a tener un proceso personalizado que me ayude a encontrar mi camino?\u00bb tab_id=\u00bb1626811656194-b905452c-eac1&#8243;][vc_column_text woodmart_inline=\u00bbno\u00bb text_larger=\u00bbno\u00bb]No, el taller es grupal y te va a ayudar a empezar a tomar decisiones relacionadas con tu futuro y tu vocaci\u00f3n.[\/vc_column_text][\/vc_tta_section][vc_tta_section i_icon_fontawesome=\u00bbfar fa-question-circle\u00bb add_icon=\u00bbtrue\u00bb title=\u00bb\u00bfEn qu\u00e9 momento de mi vida es recomendable participar de este taller?\u00bb tab_id=\u00bb1626811656030-22298b24-9a0c\u00bb][vc_column_text woodmart_inline=\u00bbno\u00bb text_larger=\u00bbno\u00bb]Es recomendable tomar el taller si estas por terminar tus estudios secundarios y estas en la b\u00fasqueda de una elecci\u00f3n de una carrera universitaria, u otros estudios. Tambi\u00e9n p\u00f3des tomar el taller si ya iniciaste una carrera terciaria o universitaria y buscas reafirmar o cambiar tu elecci\u00f3n para elegir con prop\u00f3sito.[\/vc_column_text][\/vc_tta_section][vc_tta_section i_icon_fontawesome=\u00bbfar fa-question-circle\u00bb add_icon=\u00bbtrue\u00bb title=\u00bb\u00bfQui\u00e9nes dictan las charlas son profesionales?\u00bb tab_id=\u00bb1626811655862-1aea5895-e7e1&#8243;][vc_column_text woodmart_inline=\u00bbno\u00bb text_larger=\u00bbno\u00bb]Si, todos los integrantes de Consultora Siembra son profesionales universitarios. Asimismo, cuentan con formaciones en las \u00e1reas de coaching ontol\u00f3gico, educativo y vocacional.[\/vc_column_text][\/vc_tta_section][vc_tta_section i_icon_fontawesome=\u00bbfar fa-question-circle\u00bb add_icon=\u00bbtrue\u00bb title=\u00bb\u00bfLa Consultora y la Fundaci\u00f3n, ofrecen luego un plan de estudio o una carrera a seguir?\u00bb tab_id=\u00bb1626811655692-eb771115-aa62&#8243;][vc_column_text woodmart_inline=\u00bbno\u00bb text_larger=\u00bbno\u00bb]Desde el CE.F.E.DE, se ofrecen entrenamientos y talleres de algunos temas referidos a algunas profesiones, y se realizan otras actividades complementarias a tu formaci\u00f3n y desarrollo profesional y personal, pero la Fundaci\u00f3n no es una casa de estudios de grado o de oficios.[\/vc_column_text][\/vc_tta_section][vc_tta_section i_icon_fontawesome=\u00bbfar fa-question-circle\u00bb add_icon=\u00bbtrue\u00bb title=\u00bb\u00bfEl taller es grupal?\u00bb tab_id=\u00bb1626811655514-25dd76c1-b58f\u00bb][vc_column_text woodmart_inline=\u00bbno\u00bb text_larger=\u00bbno\u00bb]Si, nuestros talleres son grupales con el objetivo de enriquecer el aprendizaje y la experiencia de todos los participantes.[\/vc_column_text][\/vc_tta_section][vc_tta_section i_icon_fontawesome=\u00bbfar fa-question-circle\u00bb add_icon=\u00bbtrue\u00bb title=\u00bb\u00bfEs obligatorio participar y realizar actividades en p\u00fablico?\u00bb tab_id=\u00bb1626811772786-a871e502-f4d5&#8243;][vc_column_text woodmart_inline=\u00bbno\u00bb text_larger=\u00bbno\u00bb]Si, el taller requiere participantes que tengan una participaci\u00f3n activa en el mismo, con el objetivo de generar un intercambio de ideas y de aprender de los dem\u00e1s participantes.[\/vc_column_text][\/vc_tta_section][vc_tta_section i_icon_fontawesome=\u00bbfar fa-question-circle\u00bb add_icon=\u00bbtrue\u00bb title=\u00bb\u00bfPueden contratarse luego un proceso personalizado?\u00bb tab_id=\u00bb1626811772633-829e806c-240b\u00bb][vc_column_text woodmart_inline=\u00bbno\u00bb text_larger=\u00bbno\u00bb]Si, podes acceder a un seguimiento personalizado con nosotros una vez finalizado el taller, para trabajar tus inquietudes.[\/vc_column_text][\/vc_tta_section][\/vc_tta_accordion][\/vc_column][\/vc_row]<\/p>\n","protected":false},"excerpt":{"rendered":"<p>Te acompa\u00f1amos a descubrir cual es tu prop\u00f3sito y a tomar la decisi\u00f3n de que queres estudiar, en que quer\u00e9s trabajar o cual es tu vocaci\u00f3n<\/p>\n<p><i class=\"far fa-newspaper\" style=\"color: black;\"><\/i> <strong><em><span style=\"color: #f58220;\">Incluye test vocacional<\/span>.<\/em><\/strong><\/p>\n","protected":false},"featured_media":7699,"comment_status":"open","ping_status":"closed","template":"","meta":[],"product_cat":[15],"product_tag":[],"class_list":["post-7477","product","type-product","status-publish","has-post-thumbnail","hentry","product_cat-cursos"],"_links":{"self":[{"href":"https:\/\/projectar.net.ar\/cefede\/wp-json\/wp\/v2\/product\/7477","targetHints":{"allow":["GET"]}}],"collection":[{"href":"https:\/\/projectar.net.ar\/cefede\/wp-json\/wp\/v2\/product"}],"about":[{"href":"https:\/\/projectar.net.ar\/cefede\/wp-json\/wp\/v2\/types\/product"}],"replies":[{"embeddable":true,"href":"https:\/\/projectar.net.ar\/cefede\/wp-json\/wp\/v2\/comments?post=7477"}],"wp:featuredmedia":[{"embeddable":true,"href":"https:\/\/projectar.net.ar\/cefede\/wp-json\/wp\/v2\/media\/7699"}],"wp:attachment":[{"href":"https:\/\/projectar.net.ar\/cefede\/wp-json\/wp\/v2\/media?parent=7477"}],"wp:term":[{"taxonomy":"product_cat","embeddable":true,"href":"https:\/\/projectar.net.ar\/cefede\/wp-json\/wp\/v2\/product_cat?post=7477"},{"taxonomy":"product_tag","embeddable":true,"href":"https:\/\/projectar.net.ar\/cefede\/wp-json\/wp\/v2\/product_tag?post=7477"}],"curies":[{"name":"wp","href":"https:\/\/api.w.org\/{rel}","templated":true}]}}