{"id":7804,"date":"2023-06-16T21:20:41","date_gmt":"2023-06-16T21:20:41","guid":{"rendered":"https:\/\/projectar.net.ar\/cefede\/?post_type=product&#038;p=7804"},"modified":"2025-08-14T01:47:13","modified_gmt":"2025-08-14T01:47:13","slug":"mi-primer-balance","status":"publish","type":"product","link":"https:\/\/projectar.net.ar\/cefede\/curso\/mi-primer-balance\/","title":{"rendered":"Mi Primer Balance"},"content":{"rendered":"<p>[vc_row full_width=\u00bbstretch_row\u00bb css=\u00bb.vc_custom_1624639913190{padding-top: 8vh !important;padding-bottom: 4vh !important;background-image: url(https:\/\/projectar.net.ar\/cefede\/wp-content\/uploads\/2021\/06\/bg.jpg?id=7643) !important;}\u00bb mobile_bg_img_hidden=\u00bbno\u00bb tablet_bg_img_hidden=\u00bbno\u00bb woodmart_parallax=\u00bb0&#8243; woodmart_gradient_switch=\u00bbno\u00bb row_reverse_mobile=\u00bb0&#8243; row_reverse_tablet=\u00bb0&#8243; woodmart_disable_overflow=\u00bb0&#8243;][vc_column]\t\t\n\t\t<div id=\"wd-62aa61998d8d5\" class=\"title-wrapper wd-wpb set-mb-s reset-last-child  wd-title-color-white wd-title-style-default wd-width-100 text-left vc_custom_1655333285988\">\n\t\t\t\t\t\t\t<div class=\"title-subtitle  subtitle-color-white font-default subtitle-style-background wd-font-weight-600 wd-fontsize-xs\">Inicio 14 de Agosto del 2022.<\/div>\n\t\t\t\n\t\t\t<div class=\"liner-continer\">\n\t\t\t\t<h4 class=\"woodmart-title-container title  wd-font-weight- wd-fontsize-xxl\" >\u00a1Preparate para emitir tus primeros estados contables!<\/h4>\n\t\t\t\t\t\t\t<\/div>\n\t\t\t\n\t\t\t\n\t\t\t\t\t<\/div>\n\t\t\n\t\t[vc_empty_space woodmart_hide_large=\u00bb0&#8243; woodmart_hide_medium=\u00bb0&#8243; woodmart_hide_small=\u00bb0&#8243; woodmart_hide_extra_small=\u00bb0&#8243;]\t\t\n\t\t<div id=\"wd-60d63d5585371\" class=\"title-wrapper wd-wpb set-mb-s reset-last-child  wd-title-color-default wd-title-style-underlined wd-width-100 text-left \">\n\t\t\t\n\t\t\t<div class=\"liner-continer\">\n\t\t\t\t<h4 class=\"woodmart-title-container title  wd-font-weight- wd-fontsize-l\" >Informaci\u00f3n General<\/h4>\n\t\t\t\t\t\t\t<\/div>\n\t\t\t\n\t\t\t\n\t\t\t\t\t<\/div>\n\t\t\n\t\t[vc_tta_accordion active_section=\u00bb\u00bb collapsible_all=\u00bbtrue\u00bb][vc_tta_section i_icon_fontawesome=\u00bbfas fa-user-graduate\u00bb add_icon=\u00bbtrue\u00bb title=\u00bbObjetivos\u00bb tab_id=\u00bb1624638783125-390cd783-e4c3&#8243;][vc_column_text woodmart_inline=\u00bbno\u00bb text_larger=\u00bbno\u00bb]Es muy com\u00fan que trabajando en un estudio o llevando tus primeros clientes, no pases por la experiencia de conseguir, ordenar, y registrar la informaci\u00f3n que proviene de los diferentes m\u00f3dulos de la empresa, o de los sectores del estudio especializados en el area impositiva o laboral.<\/p>\n<p>Cre\u00e1ndose esa creencia que los Balances los hace el Contador, o alguien especializado, y que no sepas que hacer cuando est\u00e1s dando tus primeros pasos como profesional independiente, y te llega una sociedad y tenes que hacer el Balance.<\/p>\n<p>Sentite preparado para ese desaf\u00edo y seguir creciendo como profesional.[\/vc_column_text][\/vc_tta_section][vc_tta_section i_icon_fontawesome=\u00bbfas fa-user-friends\u00bb add_icon=\u00bbtrue\u00bb title=\u00bbDestinatarios\u00bb tab_id=\u00bb1624638783141-6fd42395-601c\u00bb][vc_column_text woodmart_inline=\u00bbno\u00bb text_larger=\u00bbno\u00bb]<strong><em>Estudiantes<\/em><\/strong><em> intermedios, avanzados o\u00a0<strong>j\u00f3venes graduados<\/strong>\u00a0de carreras Universitarias, Terciarias o Tecnicaturas, relacionadas con Ciencias Econ\u00f3micas que busquen complementar sus conocimientos te\u00f3rico-t\u00e9cnicos con la\u00a0<strong>pr\u00e1ctica profesional<\/strong>, como tambi\u00e9n actuales o potenciales empleados administrativos de\u00a0<strong>empresas pymes o estudios contables<\/strong>\u00a0que tienen o pretenden tener la posibilidad de trabajar, pero necesitan profundizar los aspectos conceptuales.<\/em>[\/vc_column_text][\/vc_tta_section][vc_tta_section i_icon_fontawesome=\u00bbfar fa-clock\u00bb add_icon=\u00bbtrue\u00bb title=\u00bbCarga horaria y m\u00f3dulos\u00bb tab_id=\u00bb1624638868870-c8cf7bdd-cf48&#8243;][vc_column_text woodmart_inline=\u00bbno\u00bb text_larger=\u00bbno\u00bb]Dos jornadas de 3h cada una de ellas m\u00e1s la pr\u00e1ctica para afianzar los conocimientos.<\/p>\n<p>[\/vc_column_text][\/vc_tta_section][vc_tta_section i_icon_fontawesome=\u00bbfas fa-info-circle\u00bb add_icon=\u00bbtrue\u00bb title=\u00bbConsideraciones Generales\u00bb tab_id=\u00bb1624639099177-1db856ba-90f0&#8243;][vc_column_text woodmart_inline=\u00bbno\u00bb text_larger=\u00bbno\u00bb]Este taller es <strong>GRATUITO<\/strong> para aquellos que por haberse entrenado con nosotros en alguno de los TRAINING, se han sumado a nuestra <strong>COMUNIDAD<\/strong>.<\/p>\n<p>Si a\u00fan no lo hiciste, anotate, se parte de la COMUNIDAD CEFEDE &#8211; PROJECTAR y disfruta de los BENEFICIOS de SER PARTE.<\/p>\n<p>[\/vc_column_text][\/vc_tta_section][vc_tta_section i_icon_fontawesome=\u00bbfas fa-certificate\u00bb add_icon=\u00bbtrue\u00bb title=\u00bbAsistencia M\u00ednima y Certificaci\u00f3n\u00bb tab_id=\u00bb1624639163741-3858c5ce-28b9&#8243;][vc_column_text woodmart_inline=\u00bbno\u00bb text_larger=\u00bbno\u00bb]Se extender\u00e1 un diploma certificado a quienes cumplan con los objetivos planteados en funci\u00f3n a la asistencia y desempe\u00f1o, siendo la asistencia 100% por cada m\u00f3dulo.[\/vc_column_text][\/vc_tta_section][vc_tta_section i_icon_fontawesome=\u00bbfas fa-laptop\u00bb add_icon=\u00bbtrue\u00bb title=\u00bbModalidad Virtual\u00bb tab_id=\u00bb1624639191055-9ad3bc4d-bee9&#8243;][vc_column_text woodmart_inline=\u00bbno\u00bb text_larger=\u00bbno\u00bb]Entorno Virtual de Capacitaci\u00f3n del Centro de Fomaci\u00f3n y Entrenamiento CE.F.E.DE, de la Fundaci\u00f3n Projectar, que incluye aula virtual de MEET, Classroom para compartir material, Versi\u00f3n educativa Sistema Bejerman para practicar desde tu casa, y grabaci\u00f3n de las reuniones, por si te perd\u00e9s alguno de los encuentros.[\/vc_column_text][\/vc_tta_section][vc_tta_section i_icon_fontawesome=\u00bbfar fa-clipboard\u00bb add_icon=\u00bbtrue\u00bb title=\u00bbInscripci\u00f3n y Pago\u00bb tab_id=\u00bb1624639232608-8d5bad1d-ac3f\u00bb][vc_column_text woodmart_inline=\u00bbno\u00bb text_larger=\u00bbno\u00bb]El taller tiene un costo de <strong>$8900 <\/strong>Considerando el descuento para estudiantes aplicado.<\/p>\n<p>Inscribite mediante la tienda virtual del <strong>CEFEDE<\/strong> <a href=\"https:\/\/projectar.net.ar\/cefede\/\">https:\/\/projectar.net.ar\/cefede\/<\/a><\/p>\n<p>Podr\u00e1s pagarlo con Mercado Pago en cuotas, efectivo en lugares de pago o transferencia en un pago.[\/vc_column_text][\/vc_tta_section][\/vc_tta_accordion][vc_empty_space woodmart_hide_large=\u00bb0&#8243; woodmart_hide_medium=\u00bb0&#8243; woodmart_hide_small=\u00bb0&#8243; woodmart_hide_extra_small=\u00bb0&#8243;]\t\t\n\t\t<div id=\"wd-60d644d539c8a\" class=\"title-wrapper wd-wpb set-mb-s reset-last-child  wd-title-color-default wd-title-style-underlined wd-width-100 text-left \">\n\t\t\t\n\t\t\t<div class=\"liner-continer\">\n\t\t\t\t<h4 class=\"woodmart-title-container title  wd-font-weight- wd-fontsize-l\" >M\u00f3dulos y Contenidos<\/h4>\n\t\t\t\t\t\t\t<\/div>\n\t\t\t\n\t\t\t\n\t\t\t\t\t<\/div>\n\t\t\n\t\t[vc_tta_accordion active_section=\u00bb\u00bb collapsible_all=\u00bbtrue\u00bb][vc_tta_section i_icon_fontawesome=\u00bbfas fa-book-open\u00bb add_icon=\u00bbtrue\u00bb title=\u00bbObjetivos\u00bb tab_id=\u00bb1624652697150-c0d1f91c-8f4c\u00bb][vc_column_text woodmart_inline=\u00bbno\u00bb text_larger=\u00bbno\u00bb]Es muy com\u00fan que trabajando en un estudio o llevando tus primeros clientes, no pases por la experiencia de conseguir, ordenar, y registrar la informaci\u00f3n que proviene de los diferentes m\u00f3dulos de la empresa, o de los sectores del estudio especializados en el area impositiva o laboral.<\/p>\n<p>Cre\u00e1ndose esa creencia que los Balances los hace el Contador, o alguien especializado, y que no sepas que hacer cuando est\u00e1s dando tus primeros pasos como profesional independiente, y te llega una sociedad y tenes que hacer el Balance.<\/p>\n<p>Sentite preparado para ese desaf\u00edo y seguir creciendo como profesional.[\/vc_column_text][\/vc_tta_section][vc_tta_section i_icon_fontawesome=\u00bbfas fa-book-open\u00bb add_icon=\u00bbtrue\u00bb title=\u00bbM\u00f3dulo 1: INFORMACI\u00d3N EMPRESA ESTUDIO, PAPELES DE TRABAJO Y REGISTRACI\u00d3N\u00bb tab_id=\u00bb1624652697176-d7a14976-1a83&#8243;][vc_column_text woodmart_inline=\u00bbno\u00bb text_larger=\u00bbno\u00bb]<\/p>\n<ul>\n<li>Veremos como interactuar con la empresa y el estudio (impositivo-laboral) para hacernos de la informaci\u00f3n<\/li>\n<li>Los papeles de trabajo que permitan organizar, clasificar y preparar la informaci\u00f3n (partiendo de la documentaci\u00f3n o del sumas y saldos que emite un software contable lider, como <strong>Sist. Bejerman<\/strong>)<\/li>\n<li>para posteriormente llegar a la registraci\u00f3n, en <strong>excel.<\/strong><\/li>\n<\/ul>\n<p>Duraci\u00f3n 3hs. Martes 17 de Agosto del 2021[\/vc_column_text][\/vc_tta_section][vc_tta_section i_icon_fontawesome=\u00bbfas fa-book-open\u00bb add_icon=\u00bbtrue\u00bb title=\u00bbM\u00f3dulo 2: EMISION DE ESTADOS CONTABLES, AJUSTE POR INFLACI\u00d3N, CERTIFICACI\u00d3N Y LIBRO DIARIO\u00bb tab_id=\u00bb1624652835103-cc18e76a-6438&#8243;][vc_column_text woodmart_inline=\u00bbno\u00bb text_larger=\u00bbno\u00bb]<\/p>\n<ul>\n<li>Ya contando con la informaci\u00f3n organizada y registrada, pasaremos a darle forma de presentaci\u00f3n, de modo tal de llegar a los <strong>Estados Contables listos para ser Certificados en el Consejo<\/strong> Profesional de Ciencias Econ\u00f3micas, incluyendo el famoso <strong>Ajuste por Inflaci\u00f3n<\/strong>.y finalmente realizaremos la registraci\u00f3n en el Sistema, para poder emitir los informes a copiar a los <strong>libro Diario, Inventario y Balances.<\/strong><\/li>\n<\/ul>\n<p>Duraci\u00f3n 3hs. Lunes 6 de septiembre del 2021[\/vc_column_text][\/vc_tta_section][\/vc_tta_accordion][vc_empty_space woodmart_hide_large=\u00bb0&#8243; woodmart_hide_medium=\u00bb0&#8243; woodmart_hide_small=\u00bb0&#8243; woodmart_hide_extra_small=\u00bb0&#8243;]\t\t\n\t\t<div id=\"wd-60d644dad92f3\" class=\"title-wrapper wd-wpb set-mb-s reset-last-child  wd-title-color-default wd-title-style-underlined wd-width-100 text-left \">\n\t\t\t\n\t\t\t<div class=\"liner-continer\">\n\t\t\t\t<h4 class=\"woodmart-title-container title  wd-font-weight- wd-fontsize-l\" >Preguntas Frecuentes<\/h4>\n\t\t\t\t\t\t\t<\/div>\n\t\t\t\n\t\t\t\n\t\t\t\t\t<\/div>\n\t\t\n\t\t[vc_tta_accordion active_section=\u00bb\u00bb collapsible_all=\u00bbtrue\u00bb][vc_tta_section i_icon_fontawesome=\u00bbfar fa-question-circle\u00bb add_icon=\u00bbtrue\u00bb title=\u00bb\u00bfPor que hay tanta distancia entre el primer y segundo encuentro?\u00bb tab_id=\u00bb1624653505759-ae16aa2f-454c\u00bb][vc_column_text woodmart_inline=\u00bbno\u00bb text_larger=\u00bbno\u00bb]Porque la intenci\u00f3n es que se puedan poner en pr\u00e1ctica los conceptos trabajados en el primer encuentro, y poder as\u00ed incorporarlos y experimentarlos, previo a la segunda reuni\u00f3n[\/vc_column_text][\/vc_tta_section][vc_tta_section i_icon_fontawesome=\u00bbfar fa-question-circle\u00bb add_icon=\u00bbtrue\u00bb title=\u00bb\u00bfDebo tener conocimientos previos para realizarlo?\u00bb tab_id=\u00bb1624653505822-1ddbe5ae-a53b\u00bb][vc_column_text woodmart_inline=\u00bbno\u00bb text_larger=\u00bbno\u00bb]Si se sugiere tener conocimientos basicos impositivo &#8211; contables y conocer algunos conceptos de excel.[\/vc_column_text][\/vc_tta_section][vc_tta_section i_icon_fontawesome=\u00bbfar fa-question-circle\u00bb add_icon=\u00bbtrue\u00bb title=\u00bb\u00bfQu\u00e9 pasa si no puedo asistir a una clase, puedo recuperarla?\u00bb tab_id=\u00bb1624653505890-3735b368-4c02&#8243;][vc_column_text woodmart_inline=\u00bbno\u00bb text_larger=\u00bbno\u00bb]Si, las clases se graban, por lo cual las puedes ver las veces necesarias, ya que quedan en nuestra plataforma.[\/vc_column_text][\/vc_tta_section][vc_tta_section i_icon_fontawesome=\u00bbfar fa-question-circle\u00bb add_icon=\u00bbtrue\u00bb title=\u00bb\u00bfHay parte pr\u00e1ctica de cada tema tratado?\u00bb tab_id=\u00bb1624653505968-fec15328-1b98&#8243;][vc_column_text woodmart_inline=\u00bbno\u00bb text_larger=\u00bbno\u00bb]Si, en cada clase en vivo se ve la parte pr\u00e1ctica, y se les deja tareas para realizar en el sistema, en cualquier momento durante la semana.\u00a0 Y aquellos que est\u00e9n realizando las PRACTICAS, tendr\u00e1n la oportunidad de tener la experiencia de casos reales.[\/vc_column_text][\/vc_tta_section][vc_tta_section i_icon_fontawesome=\u00bbfar fa-question-circle\u00bb add_icon=\u00bbtrue\u00bb title=\u00bb\u00bfSe entregan certificados?\u00bb tab_id=\u00bb1624653667258-0c767e0e-45fa\u00bb][vc_column_text woodmart_inline=\u00bbno\u00bb text_larger=\u00bbno\u00bb]Si, una vez finalizado y cumplido con el 75% de asistencia al m\u00f3dulo, se le entregar\u00e1 un diploma certificado.[\/vc_column_text][\/vc_tta_section][vc_tta_section i_icon_fontawesome=\u00bbfar fa-question-circle\u00bb add_icon=\u00bbtrue\u00bb title=\u00bb\u00bfSe debe realizar una evaluaci\u00f3n o trabajo final como condici\u00f3n de aprobaci\u00f3n?\u00bb tab_id=\u00bb1624653688348-e5238fca-3712&#8243;][vc_column_text woodmart_inline=\u00bbno\u00bb text_larger=\u00bbno\u00bb]No, solo cumplir la condici\u00f3n de tener 75% de asistencia al mismo.[\/vc_column_text][\/vc_tta_section][vc_tta_section i_icon_fontawesome=\u00bbfar fa-question-circle\u00bb add_icon=\u00bbtrue\u00bb title=\u00bb\u00bfQu\u00e9 incluye el costo del curso?\u00bb tab_id=\u00bb1624653710337-394fee4c-87a7&#8243;][vc_column_text woodmart_inline=\u00bbno\u00bb text_larger=\u00bbno\u00bb]Aula virtual, classroom con material, versi\u00f3n educativa del sistema Bejerman para trabajar desde tu casa durante el transcurso del curso, y grabaci\u00f3n de las clases por si te pierdes o quieres repasar alguna.[\/vc_column_text][\/vc_tta_section][vc_tta_section i_icon_fontawesome=\u00bbfar fa-question-circle\u00bb add_icon=\u00bbtrue\u00bb title=\u00bb\u00bfCu\u00e1les son las formas de pago?\u00bb tab_id=\u00bb1624653743371-6bd8f86e-9e56&#8243;][vc_column_text woodmart_inline=\u00bbno\u00bb text_larger=\u00bbno\u00bb]Podes pagarlo, agregando al carrito el taller, a traves de Mercado Pago en cuotas con tarjeta o en efectivo, generando el cup\u00f3n para pagarlo en los locales habilitados.[\/vc_column_text][\/vc_tta_section][\/vc_tta_accordion][\/vc_column][\/vc_row]<\/p>\n","protected":false},"excerpt":{"rendered":"<p>Logr\u00e1 organizar la informaci\u00f3n y tus conocimientos, y\u00a0 emit\u00ed tu <strong>PRIMER BALANCE.<\/strong><\/p>\n<p>Con aplicaci\u00f3n pr\u00e1ctica en <strong><span style=\"color: #339966;\">Excel<\/span><\/strong> y Emisi\u00f3n de Libro Diario en Sistemas <span style=\"color: #ff6600;\"><strong>Bejerman<\/strong><\/span><\/p>\n<p><span style=\"color: #008e97;\"><strong><em>Clases en VIVO con grupos reducidos y acceso a grabaciones.<\/em><\/strong><\/span><\/p>\n","protected":false},"featured_media":7810,"comment_status":"open","ping_status":"closed","template":"","meta":[],"product_cat":[15],"product_tag":[],"class_list":["post-7804","product","type-product","status-publish","has-post-thumbnail","hentry","product_cat-cursos"],"_links":{"self":[{"href":"https:\/\/projectar.net.ar\/cefede\/wp-json\/wp\/v2\/product\/7804","targetHints":{"allow":["GET"]}}],"collection":[{"href":"https:\/\/projectar.net.ar\/cefede\/wp-json\/wp\/v2\/product"}],"about":[{"href":"https:\/\/projectar.net.ar\/cefede\/wp-json\/wp\/v2\/types\/product"}],"replies":[{"embeddable":true,"href":"https:\/\/projectar.net.ar\/cefede\/wp-json\/wp\/v2\/comments?post=7804"}],"wp:featuredmedia":[{"embeddable":true,"href":"https:\/\/projectar.net.ar\/cefede\/wp-json\/wp\/v2\/media\/7810"}],"wp:attachment":[{"href":"https:\/\/projectar.net.ar\/cefede\/wp-json\/wp\/v2\/media?parent=7804"}],"wp:term":[{"taxonomy":"product_cat","embeddable":true,"href":"https:\/\/projectar.net.ar\/cefede\/wp-json\/wp\/v2\/product_cat?post=7804"},{"taxonomy":"product_tag","embeddable":true,"href":"https:\/\/projectar.net.ar\/cefede\/wp-json\/wp\/v2\/product_tag?post=7804"}],"curies":[{"name":"wp","href":"https:\/\/api.w.org\/{rel}","templated":true}]}}